{"id":5954,"date":"2021-12-23T20:28:08","date_gmt":"2021-12-23T19:28:08","guid":{"rendered":"https:\/\/www.campus02.at\/wirtschaftsinformatik\/?page_id=5954"},"modified":"2022-06-15T12:43:13","modified_gmt":"2022-06-15T10:43:13","slug":"startseite-xmas","status":"publish","type":"page","link":"https:\/\/www.campus02.at\/wirtschaftsinformatik\/startseite-xmas\/","title":{"rendered":"Startseite Xmas"},"content":{"rendered":"<div class=\"flex-campus-main flex-campus-main-Text\"><div class=\"xmas-messestand-studienrichtung\">\n[IWIXmas]\n<\/div>\n<\/div><div class=\"flex-campus-main flex-campus-main-Heading\"><h1>Wir bilden die Wirtschaft von morgen<\/h1><\/div><div class=\"flex-campus-main flex-campus-main-Text\"><p>Bei uns vernetzen sich Lehre und Wirtschaft, Theorie und Praxis, Ausbildung und Berufsleben. Wissen, das Sie sich an der FH CAMPUS 02 aneignen und Ergebnisse, die sich aus den Forschungsprojekten ergeben, flie\u00dfen zur\u00fcck in die Wirtschaft und steigern ma\u00dfgeblich den Erfolg von Unternehmen. Dabei bringen Sie Ihr Engagement sowie Fragestellungen in das Studium ein und als Berufst\u00e4tige auch Erfahrungen aus\u00a0dem Job. Aktuell, berufsorientiert, wirtschaftsbezogen. Sie gestalten mit uns Ihre Zukunft \u2013 und wir gemeinsam gestalten die Wirtschaft von morgen. Und nach dem Studium: Die FH CAMPUS 02 bietet ihren Alumni ein Netzwerk, weit \u00fcber den Studienabschluss hinaus.<\/p>\n<\/div><div class=\"flex-campus-main flex-campus-main-Text\"><div style=\"position: relative; padding-top: 56.25%; height: 0;\"><iframe style=\"position: absolute; top: 0; border: 0; width: 100%; height: 100%;\" title=\"story embed\" src=\"https:\/\/www.whatchado.com\/de\/embeds\/videos\/campus02-lisa-reisenhofer\"><\/iframe><\/div>\n<\/div><div class=\"flex-campus-main flex-campus-main-Text\"><h2><a href=\"https:\/\/www.campus02.at\/wirtschaftsinformatik\/bachelor-wirtschaftsinformatik\/\">Bachelor Wirtschaftsinformatik<\/a><\/h2>\n<h4>Wirtschaft und Technik<\/h4>\n<p>Eines ist sicher \u2013 es gibt zu wenige Wirtschaftsinformatiker*innen, jedoch steigt der Bedarf an qualifizierten IT-Fachkr\u00e4ften stetig. Um in einer Arbeitswelt, die immer komplexer wird, erfolgreich zu agieren, ist es zielf\u00fchrend ein interdisziplin\u00e4res Fachwissen aufzubauen und in der Praxis einzusetzen. Aus diesem Grund wird das Bachelorstudium auch in berufsbegleitender Form angeboten. Die Pr\u00e4senzzeit an der FH ist freitags ab 13.45 Uhr und samstags ganzt\u00e4gig festgelegt, und kann somit mit der (oftmals bereits bestehenden) Berufst\u00e4tigkeit verkn\u00fcpft werden.<\/p>\n<p>Wirtschaftsinformatiker*innen verstehen sich als Br\u00fcckenbauer*innen zwischen der wirtschaftlichen und technischen Expertise \u2013 die Karrierem\u00f6glichkeiten in diesem Gebiet sind fast unbegrenzt.<\/p>\n<div style=\"position: relative; padding-top: 56.25%; height: 0;\"><iframe style=\"position: absolute; top: 0; border: 0; width: 100%; height: 100%;\" title=\"story embed\" src=\"https:\/\/www.whatchado.com\/de\/embeds\/videos\/campus02-cong-thanh-vo\"><\/iframe><\/div>\n<p>&nbsp;<\/p>\n<h2><a href=\"https:\/\/www.campus02.at\/wirtschaftsinformatik\/bachelor\/bsd\/\">Bachelor Business Software Development\u00a0<\/a><\/h2>\n<h4>Duales Ausbildungssystem\u00a0mit optimaler Kombination von Studium\u00a0und Berufst\u00e4tigkeit<\/h4>\n<p>Das Bachelorstudium stellt mit dem dualen Ausbildungssystem eine einzigartige M\u00f6glichkeit dar, das Studium mit der Berufst\u00e4tigkeit zu kombinieren. Im ersten Jahr als Vollzeitstudium angelegt, werden die Pr\u00e4senzzeiten an der FH ab dem dritten Semester auf zwei Tage pro Woche begrenzt und die Studierenden gehen Teilzeitbesch\u00e4ftigungen in Partnerunternehmen nach, die innerhalb dieser Kooperation einen Ausbildungsplatz anbieten.<\/p>\n<p>Dieses Studium richtet sich an Personen mit technischen und betriebswirtschaftlichen Interesse gleicherma\u00dfen, somit steht den Studierenden ein breites Spektrum von T\u00e4tigkeitsfeldern offen.<\/p>\n<p>&nbsp;<\/p>\n<h2><a href=\"https:\/\/www.campus02.at\/wirtschaftsinformatik\/bachelor\/dat\/\">Bachelor Business Data Science\u00a0<\/a><\/h2>\n<h4>Berufserm\u00f6glichendes Vollzeitstudium f\u00fcr die Karriere als Data Scientist<\/h4>\n<p>Das Bachelorstudium tr\u00e4gt dazu bei, den Fachkr\u00e4ftemangel im Bereich der Informatik nachhaltig zu schlie\u00dfen. Absolvent*innen werden f\u00fcr die Bereiche Software- und Web-Entwicklung, Daten- und Informationsvisualisierung sowie Data Science im Speziellen ausgebildet und sind so branchenunabh\u00e4ngig und zukunftsfit. Mit seiner einzigartigen Organisationsform bietet es durch Intensivwochen und geblockten Lehrveranstaltungszeiten eine weitere zielgerichtete M\u00f6glichkeit, bereits w\u00e4hrend des Studiums facheinschl\u00e4gige Berufserfahrung zu sammeln.<\/p>\n<p>&nbsp;<\/p>\n<h2><a href=\"https:\/\/www.campus02.at\/wirtschaftsinformatik\/master\/\">Master IT &amp; Wirtschaftsinformatik<\/a><\/h2>\n<h4>Moderne Informationstechnologien als L\u00f6sung f\u00fcr Herausforderungen im Management<\/h4>\n<p>IT-F\u00fchrungskr\u00e4fte bewegen sich aufgrund des Wandels der Wertigkeit und der stetigen Weiterentwicklung von Informationstechnologien in Wirtschaft und Verwaltung zunehmend zwischen IT\u00a0und Management. Zuk\u00fcnftig gilt es, anspruchsvolle betriebliche Aufgabenstellungen wie beispielsweise Effizienzsteigerung in den Gesch\u00e4ftsprozessen durch den effektiven Einsatz von IT-L\u00f6sungen zu unterst\u00fctzen. Hierf\u00fcr sind fundierte Kenntnisse im Bereich des Business Systems Engineering und umfassende Managementf\u00e4higkeiten gefordert. Interdisziplin\u00e4res Wissen, soziale Kompetenz und das Beherrschen moderner Managementinstrumente und -systeme sind die Schl\u00fcsselqualifikationen der IT-Professionals.<br \/>\nDie Studienschwerpunkte liegen daher in den Bereichen Business Systems Engineering, Informationstechnologien und IT-Management sowie IT-Consulting\u00a0und Service Engineering.<\/p>\n<p>&nbsp;<\/p>\n<h2><a href=\"https:\/\/www.campus02.at\/wirtschaftsinformatik\/fe\/\">Postgradualer Master Software Engineering Leadership<\/a><\/h2>\n<h4>L\u00e4nder\u00fcbergreifendes Masterstudium<\/h4>\n<p>Der postgraduale Master \u201eSoftware Engineering Leadership\u201c ist ein auf Blended-Learning basiertes berufsbegleitendes Studienangebot, der die Vertiefung von Kenntnissen zur Planung und Durchf\u00fchrung von Software-Projekten zum Ziel hat. Die Absolvent*innen dieses Masters verf\u00fcgen \u00fcber vertiefte wissenschaftliche und fachspezifische Kenntnisse und sind f\u00fcr Aufgaben der F\u00fchrungsebene vorbereitet. Im Mittelpunkt der Ausbildung stehen bew\u00e4hrte Vorgehensweisen sowie Methoden und ein Verst\u00e4ndnis f\u00fcr Aspekte der Qualit\u00e4tssicherung bez\u00fcglich des gesamten Zyklus der Software-Entwicklung, beginnend bei der Anforderungserhebung bis hin zur Abnahme von Software- Produkten.<\/p>\n<p>&nbsp;<\/p>\n<h2><a href=\"https:\/\/www.campus02.at\/wirtschaftsinformatik\/fe-2\/\">Postgradualer Master Systems Engineering Leadership<\/a><\/h2>\n<h4>L\u00e4nder\u00fcbergreifendes Masterstudium<\/h4>\n<p>Der postgraduale Masterlehrgang \u201eSystems Engineering Leadership\u201c\u00a0 ist ein Studienangebot, dass ich an Berufst\u00e4tige wendet, die sich im Bereich des Systems Engineerings auf Hochschulniveau weiterbilden m\u00f6chten. Die Vertiefung von Kenntnissen des Systems Engineering, also der Entwicklung komplexer Systeme mit hohem interdisziplin\u00e4ren Anteil sind Teil des Studienangebots, welche die Absolvent*inen zus\u00e4tzlich auf F\u00fchrungspositionen in diesem Bereich vorbereitet.<\/p>\n<p>&nbsp;<\/p>\n<h2><a href=\"https:\/\/www.campus02.at\/wirtschaftsinformatik\/master-lehrgang\/\">Master-Lehrgang Service Engineering\u00a0&amp;\u00a0Management<\/a><\/h2>\n<h4>Management komplexer Service-Gesch\u00e4ftsmodelle und Service-Technologiekonzepte<\/h4>\n<p>Der Master-Lehrgang f\u00fcr F\u00fchrungsrollen im Service Engineering &amp; Management behandelt im Zentralen die Management-Themen komplexer Service-Gesch\u00e4ftsmodelle und Service-Technologiekonzepte (Smart Services, Industrie 4.0). Berufsbegleitend in drei Semestern zum sicheren Fundament f\u00fcr Ihre Karriere \u2013 denn wir bilden die Wirtschaft von morgen.<\/p>\n<hr \/>\n<\/div><div class=\"flex-campus-main flex-campus-main-Text\"><h3>Fachbereiche<\/h3>\n<p>Die Studienrichtung\u00a0Informationstechnologien und Wirtschaftsinformatik gliedert sich in Fachbereiche mit entsprechender Schwerpunktsetzung in der Lehre und Forschung. Die Verbindung aus technischen und wirtschaftlichen Inhalten zeigt sich in der Grundlagenausbildung des Bachelorstudiums Wirtschaftsinformatik und setzt sich integrierend im Masterstudium IT &amp; Wirtschaftsinformatik fort.<\/p>\n<p>Mehr Informationen zu unseren Fachbereichen finden Sie <a href=\"https:\/\/www.campus02.at\/wirtschaftsinformatik\/beispiel-seite\/fachbereiche\/\">hier<\/a>.<\/p>\n<hr \/>\n<\/div><div class=\"flex-campus-main flex-campus-main-Text\"><h3>Working together to WIN<\/h3>\n<p>Wir, das sind:<\/p>\n<ul>\n<li>16 hauptberufliche Mitarbeiter*innen<\/li>\n<li>5 Jahrgangs-Captains<\/li>\n<li>rund 50 nebenberufliche Lehrende<\/li>\n<li>330 Studierende in den Bachelor- und Masterstudieng\u00e4ngen<\/li>\n<li>162 Absolvent*innen und Absolventen aus dem Diplomstudium<\/li>\n<li>373 Absolvent*innen und Absolventen aus dem Bachelorstudium<\/li>\n<li>329 Absolvent*innen und Absolventen aus dem Masterstudium<\/li>\n<\/ul>\n<\/div><div class=\"flex-campus-main flex-campus-main-Team\"><div class=\"row flex-campus-course-team\" id=\"team\">\n    <div class=\"col-md-12\">\n        <h2>Team<\/h2>\n                    <div class=\"team-group-select\">\n                <span class=\"team-group-item active\"><a href=\"#teamSlider1_0\">Studiengangsleitung<\/a><\/span><span class=\"team-group-item\"><a href=\"#teamSlider1_1\">Lehre &amp; Forschung<\/a><\/span><span class=\"team-group-item\"><a href=\"#teamSlider1_2\">Verwaltung<\/a><\/span><span class=\"team-group-item\"><a href=\"#teamSlider1_3\">Studien- und Projektassistenz<\/a><\/span>            <\/div>\n                <div class=\"clearfix\"><\/div>\n        <div class=\"team-group-sliders\">\n                            <div id=\"teamSlider1_0\" class=\"carousel slide team-carousel\" style=\"display:block;\" data-ride=\"carousel\" data-interval=\"\">\n                    <div class=\"carousel-inner\" role=\"listbox\">\n                                                                                <div class=\"item active\">\n                            <div class=\"row\">\n                                                    <div class=\"col-md-3 team-item text-center\" data-target=\"#teamInfo6420\">\n                                <div class=\"team-item-image\"><img decoding=\"async\" width=\"200\" height=\"200\" src=\"https:\/\/www.campus02.at\/wirtschaftsinformatik\/wp-content\/uploads\/2026\/04\/ow-5817-200x200.jpg\" class=\"img-responsive wp-post-image\" alt=\"Portr\u00e4tfoto von Stefan Gr\u00fcnwald\" srcset=\"https:\/\/www.campus02.at\/wirtschaftsinformatik\/wp-content\/uploads\/2026\/04\/ow-5817-200x200.jpg 200w, https:\/\/www.campus02.at\/wirtschaftsinformatik\/wp-content\/uploads\/2026\/04\/ow-5817-150x150.jpg 150w, https:\/\/www.campus02.at\/wirtschaftsinformatik\/wp-content\/uploads\/2026\/04\/ow-5817-300x300.jpg 300w\" sizes=\"(max-width: 200px) 100vw, 200px\" \/><\/div>\n                                <div class=\"team-item-name\">Stefan Gr\u00fcnwald<\/div>\n                                                            <\/div>\n                                                        <\/div>\n                            <\/div>\n                                                                    <\/div>\n                                        <div class=\"team-info-container\">\n                                                    <div id=\"teamInfo6420\" class=\"team-info row\">\n                                <div class=\"col-md-6\">\n                                    <div class=\"media\">\n                                        <div class=\"pull-left\">\n                                            <i class=\"fa fa-2x fa-comment-o fa-bg-round\"><\/i>\n                                        <\/div>\n                                        <div class=\"media-body\">\n                                            <h4 class=\"media-heading\">FH-Prof. DI Dr.techn. Stefan Gr\u00fcnwald<\/h4>\n                                            <p class=\"team-info-category\">\n                                                                                                                                                \n                                                                                                    Studiengangsleitung<br \/>\n                                                                                            <\/p>\n                                            <p class=\"team-info-content\">\n                                                                                            <\/p>\n                                        <\/div>\n                                    <\/div>\n                                <\/div>\n                                <div class=\"col-md-6\">\n                                                                            <p><a href=\"tel:+43 316 6002-398\" class=\"link-tel\"><i class=\"fa fa-2x fa-mobile fa-bg-round fa-left\"><\/i>+43 316 6002-398<\/a><\/p>\n                                                                                                                <p><a href=\"mailto:stefan.gruenwald@campus02.at\" class=\"link-mailto\"><i class=\"fa fa-2x fa-envelope-o fa-bg-round fa-left\"><\/i>stefan.gruenwald@campus02.at<\/a><\/p>\n                                                                                                                <p><span><i class=\"fa fa-2x fa-location-arrow fa-bg-round fa-left\"><\/i>Raumnummer: CR 205<\/span><\/p>\n                                                                    <\/div>\n                            <\/div>\n                                            <\/div>\n                <\/div>\n                            <div id=\"teamSlider1_1\" class=\"carousel slide team-carousel\" style=\"display:none;\" data-ride=\"carousel\" data-interval=\"\">\n                    <div class=\"carousel-inner\" role=\"listbox\">\n                                                                                <div class=\"item active\">\n                            <div class=\"row\">\n                                                    <div class=\"col-md-3 team-item text-center\" data-target=\"#teamInfo127853\">\n                                <div class=\"team-item-image\"><img decoding=\"async\" width=\"200\" height=\"200\" src=\"https:\/\/www.campus02.at\/wirtschaftsinformatik\/wp-content\/uploads\/2022\/12\/yevheniia-andriichenko-ow-2216-200x200.jpg\" class=\"img-responsive wp-post-image\" alt=\"Yevheniia Andriichenko\" srcset=\"https:\/\/www.campus02.at\/wirtschaftsinformatik\/wp-content\/uploads\/2022\/12\/yevheniia-andriichenko-ow-2216-200x200.jpg 200w, https:\/\/www.campus02.at\/wirtschaftsinformatik\/wp-content\/uploads\/2022\/12\/yevheniia-andriichenko-ow-2216-150x150.jpg 150w, https:\/\/www.campus02.at\/wirtschaftsinformatik\/wp-content\/uploads\/2022\/12\/yevheniia-andriichenko-ow-2216-300x300.jpg 300w\" sizes=\"(max-width: 200px) 100vw, 200px\" \/><\/div>\n                                <div class=\"team-item-name\">Yevheniia  Andriichenko<\/div>\n                                                            <\/div>\n                                                                                                            <div class=\"col-md-3 team-item text-center\" data-target=\"#teamInfo122833\">\n                                <div class=\"team-item-image\"><img decoding=\"async\" width=\"200\" height=\"200\" src=\"https:\/\/www.campus02.at\/wirtschaftsinformatik\/wp-content\/uploads\/2022\/04\/fuchs-200x200.jpg\" class=\"img-responsive wp-post-image\" alt=\"Portraitfoto Bernhard Fuchs\" srcset=\"https:\/\/www.campus02.at\/wirtschaftsinformatik\/wp-content\/uploads\/2022\/04\/fuchs-200x200.jpg 200w, https:\/\/www.campus02.at\/wirtschaftsinformatik\/wp-content\/uploads\/2022\/04\/fuchs-150x150.jpg 150w, https:\/\/www.campus02.at\/wirtschaftsinformatik\/wp-content\/uploads\/2022\/04\/fuchs-300x300.jpg 300w\" sizes=\"(max-width: 200px) 100vw, 200px\" \/><\/div>\n                                <div class=\"team-item-name\">Bernhard  Fuchs<\/div>\n                                                            <\/div>\n                                                                                                            <div class=\"col-md-3 team-item text-center\" data-target=\"#teamInfo128241\">\n                                <div class=\"team-item-image\"><img loading=\"lazy\" decoding=\"async\" width=\"200\" height=\"200\" src=\"https:\/\/www.campus02.at\/wirtschaftsinformatik\/wp-content\/uploads\/2022\/12\/gerzic-harris-ow2424-200x200.jpg\" class=\"img-responsive wp-post-image\" alt=\"Harris Gerzic\" srcset=\"https:\/\/www.campus02.at\/wirtschaftsinformatik\/wp-content\/uploads\/2022\/12\/gerzic-harris-ow2424-200x200.jpg 200w, https:\/\/www.campus02.at\/wirtschaftsinformatik\/wp-content\/uploads\/2022\/12\/gerzic-harris-ow2424-150x150.jpg 150w, https:\/\/www.campus02.at\/wirtschaftsinformatik\/wp-content\/uploads\/2022\/12\/gerzic-harris-ow2424-300x300.jpg 300w\" sizes=\"(max-width: 200px) 100vw, 200px\" \/><\/div>\n                                <div class=\"team-item-name\">Harris  Gerzic<\/div>\n                                                            <\/div>\n                                                                                                            <div class=\"col-md-3 team-item text-center\" data-target=\"#teamInfo97734\">\n                                <div class=\"team-item-image\"><img loading=\"lazy\" decoding=\"async\" width=\"200\" height=\"200\" src=\"https:\/\/www.campus02.at\/wirtschaftsinformatik\/wp-content\/uploads\/2021\/12\/lisa-grobelscheg_-200x200.jpg\" class=\"img-responsive wp-post-image\" alt=\"Portr\u00e4tfoto von Lisa Grobelscheg\" srcset=\"https:\/\/www.campus02.at\/wirtschaftsinformatik\/wp-content\/uploads\/2021\/12\/lisa-grobelscheg_-200x200.jpg 200w, https:\/\/www.campus02.at\/wirtschaftsinformatik\/wp-content\/uploads\/2021\/12\/lisa-grobelscheg_-150x150.jpg 150w, https:\/\/www.campus02.at\/wirtschaftsinformatik\/wp-content\/uploads\/2021\/12\/lisa-grobelscheg_-300x300.jpg 300w\" sizes=\"(max-width: 200px) 100vw, 200px\" \/><\/div>\n                                <div class=\"team-item-name\">Lisa Grobelscheg<\/div>\n                                                            <\/div>\n                                                        <\/div>\n                            <\/div>\n                                                                                                        <div class=\"item\">\n                            <div class=\"row\">\n                                                    <div class=\"col-md-3 team-item text-center\" data-target=\"#teamInfo489\">\n                                <div class=\"team-item-image\"><img loading=\"lazy\" decoding=\"async\" width=\"200\" height=\"200\" src=\"https:\/\/www.campus02.at\/wirtschaftsinformatik\/wp-content\/uploads\/2022\/02\/angelika-hoeber-montage-4293-1-200x200.jpg\" class=\"img-responsive wp-post-image\" alt=\"Portr\u00e4t Angelika H\u00f6ber\" srcset=\"https:\/\/www.campus02.at\/wirtschaftsinformatik\/wp-content\/uploads\/2022\/02\/angelika-hoeber-montage-4293-1-200x200.jpg 200w, https:\/\/www.campus02.at\/wirtschaftsinformatik\/wp-content\/uploads\/2022\/02\/angelika-hoeber-montage-4293-1-150x150.jpg 150w, https:\/\/www.campus02.at\/wirtschaftsinformatik\/wp-content\/uploads\/2022\/02\/angelika-hoeber-montage-4293-1-300x300.jpg 300w\" sizes=\"(max-width: 200px) 100vw, 200px\" \/><\/div>\n                                <div class=\"team-item-name\">Angelika H\u00f6ber<\/div>\n                                                            <\/div>\n                                                                                                            <div class=\"col-md-3 team-item text-center\" data-target=\"#teamInfo505\">\n                                <div class=\"team-item-image\"><img loading=\"lazy\" decoding=\"async\" width=\"200\" height=\"200\" src=\"https:\/\/www.campus02.at\/wirtschaftsinformatik\/wp-content\/uploads\/2021\/12\/patrick-schweighofer-1-200x200.jpg\" class=\"img-responsive wp-post-image\" alt=\"Portr\u00e4tfoto von Patrick Schweighofer\" srcset=\"https:\/\/www.campus02.at\/wirtschaftsinformatik\/wp-content\/uploads\/2021\/12\/patrick-schweighofer-1-200x200.jpg 200w, https:\/\/www.campus02.at\/wirtschaftsinformatik\/wp-content\/uploads\/2021\/12\/patrick-schweighofer-1-150x150.jpg 150w, https:\/\/www.campus02.at\/wirtschaftsinformatik\/wp-content\/uploads\/2021\/12\/patrick-schweighofer-1-300x300.jpg 300w\" sizes=\"(max-width: 200px) 100vw, 200px\" \/><\/div>\n                                <div class=\"team-item-name\">Patrick Beer<\/div>\n                                                            <\/div>\n                                                                                                            <div class=\"col-md-3 team-item text-center\" data-target=\"#teamInfo95836\">\n                                <div class=\"team-item-image\"><img loading=\"lazy\" decoding=\"async\" width=\"200\" height=\"200\" src=\"https:\/\/www.campus02.at\/wirtschaftsinformatik\/wp-content\/uploads\/2021\/12\/stefanie-hatzl-1-200x200.jpg\" class=\"img-responsive wp-post-image\" alt=\"Portr\u00e4tfoto von Stefanie Hatzl\" srcset=\"https:\/\/www.campus02.at\/wirtschaftsinformatik\/wp-content\/uploads\/2021\/12\/stefanie-hatzl-1-200x200.jpg 200w, https:\/\/www.campus02.at\/wirtschaftsinformatik\/wp-content\/uploads\/2021\/12\/stefanie-hatzl-1-150x150.jpg 150w, https:\/\/www.campus02.at\/wirtschaftsinformatik\/wp-content\/uploads\/2021\/12\/stefanie-hatzl-1-300x300.jpg 300w\" sizes=\"(max-width: 200px) 100vw, 200px\" \/><\/div>\n                                <div class=\"team-item-name\">Stefanie Hatzl<\/div>\n                                                            <\/div>\n                                                                                                            <div class=\"col-md-3 team-item text-center\" data-target=\"#teamInfo166903\">\n                                <div class=\"team-item-image\"><img loading=\"lazy\" decoding=\"async\" width=\"200\" height=\"200\" src=\"https:\/\/www.campus02.at\/wirtschaftsinformatik\/wp-content\/uploads\/2023\/06\/Design-ohne-Titel-1-200x200.png\" class=\"img-responsive wp-post-image\" alt=\"Piktogramm: Person\" srcset=\"https:\/\/www.campus02.at\/wirtschaftsinformatik\/wp-content\/uploads\/2023\/06\/Design-ohne-Titel-1-200x200.png 200w, https:\/\/www.campus02.at\/wirtschaftsinformatik\/wp-content\/uploads\/2023\/06\/Design-ohne-Titel-1-150x150.png 150w, https:\/\/www.campus02.at\/wirtschaftsinformatik\/wp-content\/uploads\/2023\/06\/Design-ohne-Titel-1-300x300.png 300w\" sizes=\"(max-width: 200px) 100vw, 200px\" \/><\/div>\n                                <div class=\"team-item-name\">Roland Csiszer<\/div>\n                                                            <\/div>\n                                                        <\/div>\n                            <\/div>\n                                                                                                        <div class=\"item\">\n                            <div class=\"row\">\n                                                    <div class=\"col-md-3 team-item text-center\" data-target=\"#teamInfo103804\">\n                                <div class=\"team-item-image\"><img loading=\"lazy\" decoding=\"async\" width=\"200\" height=\"200\" src=\"https:\/\/www.campus02.at\/wirtschaftsinformatik\/wp-content\/uploads\/2021\/12\/bernd-jesenko-1-200x200.jpg\" class=\"img-responsive wp-post-image\" alt=\"Portr\u00e4tfoto von Bernd Jesenko\" srcset=\"https:\/\/www.campus02.at\/wirtschaftsinformatik\/wp-content\/uploads\/2021\/12\/bernd-jesenko-1-200x200.jpg 200w, https:\/\/www.campus02.at\/wirtschaftsinformatik\/wp-content\/uploads\/2021\/12\/bernd-jesenko-1-150x150.jpg 150w, https:\/\/www.campus02.at\/wirtschaftsinformatik\/wp-content\/uploads\/2021\/12\/bernd-jesenko-1-300x300.jpg 300w\" sizes=\"(max-width: 200px) 100vw, 200px\" \/><\/div>\n                                <div class=\"team-item-name\">Berndt Jesenko<\/div>\n                                                            <\/div>\n                                                                                                            <div class=\"col-md-3 team-item text-center\" data-target=\"#teamInfo481\">\n                                <div class=\"team-item-image\"><img loading=\"lazy\" decoding=\"async\" width=\"200\" height=\"200\" src=\"https:\/\/www.campus02.at\/wirtschaftsinformatik\/wp-content\/uploads\/2025\/03\/ow-4823-200x200.jpg\" class=\"img-responsive wp-post-image\" alt=\"Portr\u00e4tfoto von Liu Xiaoshan\" srcset=\"https:\/\/www.campus02.at\/wirtschaftsinformatik\/wp-content\/uploads\/2025\/03\/ow-4823-200x200.jpg 200w, https:\/\/www.campus02.at\/wirtschaftsinformatik\/wp-content\/uploads\/2025\/03\/ow-4823-150x150.jpg 150w, https:\/\/www.campus02.at\/wirtschaftsinformatik\/wp-content\/uploads\/2025\/03\/ow-4823-300x300.jpg 300w\" sizes=\"(max-width: 200px) 100vw, 200px\" \/><\/div>\n                                <div class=\"team-item-name\">Xiaoshan Liu<\/div>\n                                                            <\/div>\n                                                                                                            <div class=\"col-md-3 team-item text-center\" data-target=\"#teamInfo95468\">\n                                <div class=\"team-item-image\"><img loading=\"lazy\" decoding=\"async\" width=\"200\" height=\"200\" src=\"https:\/\/www.campus02.at\/wirtschaftsinformatik\/wp-content\/uploads\/2021\/12\/elisabeth-pergler-1-200x200.jpg\" class=\"img-responsive wp-post-image\" alt=\"Portr\u00e4tfoto von Elisabeth Pergler\" srcset=\"https:\/\/www.campus02.at\/wirtschaftsinformatik\/wp-content\/uploads\/2021\/12\/elisabeth-pergler-1-200x200.jpg 200w, https:\/\/www.campus02.at\/wirtschaftsinformatik\/wp-content\/uploads\/2021\/12\/elisabeth-pergler-1-150x150.jpg 150w, https:\/\/www.campus02.at\/wirtschaftsinformatik\/wp-content\/uploads\/2021\/12\/elisabeth-pergler-1-300x300.jpg 300w\" sizes=\"(max-width: 200px) 100vw, 200px\" \/><\/div>\n                                <div class=\"team-item-name\">Elisabeth Prettenthaler<\/div>\n                                                            <\/div>\n                                                                                                            <div class=\"col-md-3 team-item text-center\" data-target=\"#teamInfo113812\">\n                                <div class=\"team-item-image\"><img loading=\"lazy\" decoding=\"async\" width=\"200\" height=\"200\" src=\"https:\/\/www.campus02.at\/wirtschaftsinformatik\/wp-content\/uploads\/2021\/12\/daniel-resanovic-1-200x200.jpg\" class=\"img-responsive wp-post-image\" alt=\"Portr\u00e4tfoto von Daniel Resanovic\" srcset=\"https:\/\/www.campus02.at\/wirtschaftsinformatik\/wp-content\/uploads\/2021\/12\/daniel-resanovic-1-200x200.jpg 200w, https:\/\/www.campus02.at\/wirtschaftsinformatik\/wp-content\/uploads\/2021\/12\/daniel-resanovic-1-150x150.jpg 150w, https:\/\/www.campus02.at\/wirtschaftsinformatik\/wp-content\/uploads\/2021\/12\/daniel-resanovic-1-300x300.jpg 300w\" sizes=\"(max-width: 200px) 100vw, 200px\" \/><\/div>\n                                <div class=\"team-item-name\">Daniel Resanovic<\/div>\n                                                            <\/div>\n                                                        <\/div>\n                            <\/div>\n                                                                                                        <div class=\"item\">\n                            <div class=\"row\">\n                                                    <div class=\"col-md-3 team-item text-center\" data-target=\"#teamInfo8761\">\n                                <div class=\"team-item-image\"><img loading=\"lazy\" decoding=\"async\" width=\"200\" height=\"200\" src=\"https:\/\/www.campus02.at\/wirtschaftsinformatik\/wp-content\/uploads\/2021\/12\/eva-schirgi-1-200x200.jpg\" class=\"img-responsive wp-post-image\" alt=\"Portr\u00e4tfoto von Eva Schirgi\" srcset=\"https:\/\/www.campus02.at\/wirtschaftsinformatik\/wp-content\/uploads\/2021\/12\/eva-schirgi-1-200x200.jpg 200w, https:\/\/www.campus02.at\/wirtschaftsinformatik\/wp-content\/uploads\/2021\/12\/eva-schirgi-1-150x150.jpg 150w, https:\/\/www.campus02.at\/wirtschaftsinformatik\/wp-content\/uploads\/2021\/12\/eva-schirgi-1-300x300.jpg 300w\" sizes=\"(max-width: 200px) 100vw, 200px\" \/><\/div>\n                                <div class=\"team-item-name\">Eva Schirgi<\/div>\n                                                            <\/div>\n                                                                                                            <div class=\"col-md-3 team-item text-center\" data-target=\"#teamInfo508\">\n                                <div class=\"team-item-image\"><img loading=\"lazy\" decoding=\"async\" width=\"200\" height=\"200\" src=\"https:\/\/www.campus02.at\/wirtschaftsinformatik\/wp-content\/uploads\/2021\/12\/softic-1-200x200.jpg\" class=\"img-responsive wp-post-image\" alt=\"Portr\u00e4tfoto von Selver Softic\" srcset=\"https:\/\/www.campus02.at\/wirtschaftsinformatik\/wp-content\/uploads\/2021\/12\/softic-1-200x200.jpg 200w, https:\/\/www.campus02.at\/wirtschaftsinformatik\/wp-content\/uploads\/2021\/12\/softic-1-150x150.jpg 150w, https:\/\/www.campus02.at\/wirtschaftsinformatik\/wp-content\/uploads\/2021\/12\/softic-1-300x300.jpg 300w\" sizes=\"(max-width: 200px) 100vw, 200px\" \/><\/div>\n                                <div class=\"team-item-name\">Selver Softic<\/div>\n                                                            <\/div>\n                                                        <\/div>\n                            <\/div>\n                                                                    <\/div>\n                                            <a class=\"left carousel-control\" href=\"#teamSlider1_1\" role=\"button\" data-slide=\"prev\">\n                            <span class=\"fa fa-caret-left\" aria-hidden=\"true\"><\/span>\n                            <span class=\"sr-only\">Zur\u00fcck<\/span>\n                        <\/a>\n                        <a class=\"right carousel-control\" href=\"#teamSlider1_1\" role=\"button\" data-slide=\"next\">\n                            <span class=\"fa fa-caret-right\" aria-hidden=\"true\"><\/span>\n                            <span class=\"sr-only\">Weiter<\/span>\n                        <\/a>\n                                        <div class=\"team-info-container\">\n                                                    <div id=\"teamInfo127853\" class=\"team-info row\">\n                                <div class=\"col-md-6\">\n                                    <div class=\"media\">\n                                        <div class=\"pull-left\">\n                                            <i class=\"fa fa-2x fa-comment-o fa-bg-round\"><\/i>\n                                        <\/div>\n                                        <div class=\"media-body\">\n                                            <h4 class=\"media-heading\">Yevheniia  Andriichenko<\/h4>\n                                            <p class=\"team-info-category\">\n                                                                                                                                                \n                                                                                                    Assistent*in Forschung &amp; Lehre<br \/>\n                                                                                            <\/p>\n                                            <p class=\"team-info-content\">\n                                                                                            <\/p>\n                                        <\/div>\n                                    <\/div>\n                                <\/div>\n                                <div class=\"col-md-6\">\n                                                                            <p><a href=\"tel:+43 316 6002-8846\" class=\"link-tel\"><i class=\"fa fa-2x fa-mobile fa-bg-round fa-left\"><\/i>+43 316 6002-8846<\/a><\/p>\n                                                                                                                <p><a href=\"mailto:yevheniia.andriichenko@campus02.at\" class=\"link-mailto\"><i class=\"fa fa-2x fa-envelope-o fa-bg-round fa-left\"><\/i>yevheniia.andriichenko@campus02.at<\/a><\/p>\n                                                                                                                <p><span><i class=\"fa fa-2x fa-location-arrow fa-bg-round fa-left\"><\/i>Raumnummer: CR 103 <\/span><\/p>\n                                                                    <\/div>\n                            <\/div>\n                                                    <div id=\"teamInfo122833\" class=\"team-info row\">\n                                <div class=\"col-md-6\">\n                                    <div class=\"media\">\n                                        <div class=\"pull-left\">\n                                            <i class=\"fa fa-2x fa-comment-o fa-bg-round\"><\/i>\n                                        <\/div>\n                                        <div class=\"media-body\">\n                                            <h4 class=\"media-heading\">DI Bernhard  Fuchs<\/h4>\n                                            <p class=\"team-info-category\">\n                                                                                                                                                \n                                                                                                    Lehre und Forschung<br \/>\n                                                                                            <\/p>\n                                            <p class=\"team-info-content\">\n                                                                                            <\/p>\n                                        <\/div>\n                                    <\/div>\n                                <\/div>\n                                <div class=\"col-md-6\">\n                                                                            <p><a href=\"tel:+43 316 6002-8953\" class=\"link-tel\"><i class=\"fa fa-2x fa-mobile fa-bg-round fa-left\"><\/i>+43 316 6002-8953<\/a><\/p>\n                                                                                                                <p><a href=\"mailto:bernhard.fuchs@campus02.at\" class=\"link-mailto\"><i class=\"fa fa-2x fa-envelope-o fa-bg-round fa-left\"><\/i>bernhard.fuchs@campus02.at<\/a><\/p>\n                                                                                                                <p><span><i class=\"fa fa-2x fa-location-arrow fa-bg-round fa-left\"><\/i>Raumnummer: CR 109<\/span><\/p>\n                                                                    <\/div>\n                            <\/div>\n                                                    <div id=\"teamInfo128241\" class=\"team-info row\">\n                                <div class=\"col-md-6\">\n                                    <div class=\"media\">\n                                        <div class=\"pull-left\">\n                                            <i class=\"fa fa-2x fa-comment-o fa-bg-round\"><\/i>\n                                        <\/div>\n                                        <div class=\"media-body\">\n                                            <h4 class=\"media-heading\">Harris  Gerzic<\/h4>\n                                            <p class=\"team-info-category\">\n                                                                                                                                                \n                                                                                                    Lehre und Forschung<br \/>\n                                                                                            <\/p>\n                                            <p class=\"team-info-content\">\n                                                                                            <\/p>\n                                        <\/div>\n                                    <\/div>\n                                <\/div>\n                                <div class=\"col-md-6\">\n                                                                            <p><a href=\"tel:+43 316 6002-329\" class=\"link-tel\"><i class=\"fa fa-2x fa-mobile fa-bg-round fa-left\"><\/i>+43 316 6002-329<\/a><\/p>\n                                                                                                                <p><a href=\"mailto:harris.gerzic@campus02.at\" class=\"link-mailto\"><i class=\"fa fa-2x fa-envelope-o fa-bg-round fa-left\"><\/i>harris.gerzic@campus02.at<\/a><\/p>\n                                                                                                                <p><span><i class=\"fa fa-2x fa-location-arrow fa-bg-round fa-left\"><\/i>Raumnummer: CR 204<\/span><\/p>\n                                                                    <\/div>\n                            <\/div>\n                                                    <div id=\"teamInfo97734\" class=\"team-info row\">\n                                <div class=\"col-md-6\">\n                                    <div class=\"media\">\n                                        <div class=\"pull-left\">\n                                            <i class=\"fa fa-2x fa-comment-o fa-bg-round\"><\/i>\n                                        <\/div>\n                                        <div class=\"media-body\">\n                                            <h4 class=\"media-heading\">Lisa Grobelscheg, BSc, MSc<\/h4>\n                                            <p class=\"team-info-category\">\n                                                                                                                                                \n                                                                                                    Lehre und Forschung<br \/>\n                                                                                            <\/p>\n                                            <p class=\"team-info-content\">\n                                                                                            <\/p>\n                                        <\/div>\n                                    <\/div>\n                                <\/div>\n                                <div class=\"col-md-6\">\n                                                                            <p><a href=\"tel:+43 316 6002-370\" class=\"link-tel\"><i class=\"fa fa-2x fa-mobile fa-bg-round fa-left\"><\/i>+43 316 6002-370<\/a><\/p>\n                                                                                                                <p><a href=\"mailto:lisa.grobelscheg@campus02.at\" class=\"link-mailto\"><i class=\"fa fa-2x fa-envelope-o fa-bg-round fa-left\"><\/i>lisa.grobelscheg@campus02.at<\/a><\/p>\n                                                                                                                <p><span><i class=\"fa fa-2x fa-location-arrow fa-bg-round fa-left\"><\/i>Raumnummer: CR 204<\/span><\/p>\n                                                                    <\/div>\n                            <\/div>\n                                                    <div id=\"teamInfo489\" class=\"team-info row\">\n                                <div class=\"col-md-6\">\n                                    <div class=\"media\">\n                                        <div class=\"pull-left\">\n                                            <i class=\"fa fa-2x fa-comment-o fa-bg-round\"><\/i>\n                                        <\/div>\n                                        <div class=\"media-body\">\n                                            <h4 class=\"media-heading\">Mag. Angelika H\u00f6ber<\/h4>\n                                            <p class=\"team-info-category\">\n                                                                                                                                                \n                                                                                                    Lehre und Forschung<br \/>\n                                                                                            <\/p>\n                                            <p class=\"team-info-content\">\n                                                                                            <\/p>\n                                        <\/div>\n                                    <\/div>\n                                <\/div>\n                                <div class=\"col-md-6\">\n                                                                            <p><a href=\"tel:+43 316 6002-325\" class=\"link-tel\"><i class=\"fa fa-2x fa-mobile fa-bg-round fa-left\"><\/i>+43 316 6002-325<\/a><\/p>\n                                                                                                                <p><a href=\"mailto:angelika.hoeber@campus02.at\" class=\"link-mailto\"><i class=\"fa fa-2x fa-envelope-o fa-bg-round fa-left\"><\/i>angelika.hoeber@campus02.at<\/a><\/p>\n                                                                                                                <p><span><i class=\"fa fa-2x fa-location-arrow fa-bg-round fa-left\"><\/i>Raumnummer: CR 204<\/span><\/p>\n                                                                    <\/div>\n                            <\/div>\n                                                    <div id=\"teamInfo505\" class=\"team-info row\">\n                                <div class=\"col-md-6\">\n                                    <div class=\"media\">\n                                        <div class=\"pull-left\">\n                                            <i class=\"fa fa-2x fa-comment-o fa-bg-round\"><\/i>\n                                        <\/div>\n                                        <div class=\"media-body\">\n                                            <h4 class=\"media-heading\">FH-Prof. Ing. Dipl.-Ing. Dr.techn.  Patrick Beer, BSc<\/h4>\n                                            <p class=\"team-info-category\">\n                                                                                                                                                \n                                                                                                    Lehre und Forschung<br \/>\n                                                                                            <\/p>\n                                            <p class=\"team-info-content\">\n                                                Koordinator Fachbereich Wirtschaftsinformatik                                            <\/p>\n                                        <\/div>\n                                    <\/div>\n                                <\/div>\n                                <div class=\"col-md-6\">\n                                                                            <p><a href=\"tel:+43 316 6002-344\" class=\"link-tel\"><i class=\"fa fa-2x fa-mobile fa-bg-round fa-left\"><\/i>+43 316 6002-344<\/a><\/p>\n                                                                                                                <p><a href=\"mailto:patrick.beer@campus02.at\" class=\"link-mailto\"><i class=\"fa fa-2x fa-envelope-o fa-bg-round fa-left\"><\/i>patrick.beer@campus02.at<\/a><\/p>\n                                                                                                                <p><span><i class=\"fa fa-2x fa-location-arrow fa-bg-round fa-left\"><\/i>Raumnummer: CR 210<\/span><\/p>\n                                                                    <\/div>\n                            <\/div>\n                                                    <div id=\"teamInfo95836\" class=\"team-info row\">\n                                <div class=\"col-md-6\">\n                                    <div class=\"media\">\n                                        <div class=\"pull-left\">\n                                            <i class=\"fa fa-2x fa-comment-o fa-bg-round\"><\/i>\n                                        <\/div>\n                                        <div class=\"media-body\">\n                                            <h4 class=\"media-heading\">Mag. Stefanie Hatzl, PhD<\/h4>\n                                            <p class=\"team-info-category\">\n                                                                                                                                                \n                                                                                                    Lehre und Forschung<br \/>\n                                                                                            <\/p>\n                                            <p class=\"team-info-content\">\n                                                Projektleitung F&amp;E                                            <\/p>\n                                        <\/div>\n                                    <\/div>\n                                <\/div>\n                                <div class=\"col-md-6\">\n                                                                            <p><a href=\"tel:+43 316 6002-761\" class=\"link-tel\"><i class=\"fa fa-2x fa-mobile fa-bg-round fa-left\"><\/i>+43 316 6002-761<\/a><\/p>\n                                                                                                                <p><a href=\"mailto:stefanie.hatzl@campus02.at\" class=\"link-mailto\"><i class=\"fa fa-2x fa-envelope-o fa-bg-round fa-left\"><\/i>stefanie.hatzl@campus02.at<\/a><\/p>\n                                                                                                                <p><span><i class=\"fa fa-2x fa-location-arrow fa-bg-round fa-left\"><\/i>Raumnummer: CR 103<\/span><\/p>\n                                                                    <\/div>\n                            <\/div>\n                                                    <div id=\"teamInfo166903\" class=\"team-info row\">\n                                <div class=\"col-md-6\">\n                                    <div class=\"media\">\n                                        <div class=\"pull-left\">\n                                            <i class=\"fa fa-2x fa-comment-o fa-bg-round\"><\/i>\n                                        <\/div>\n                                        <div class=\"media-body\">\n                                            <h4 class=\"media-heading\">Roland Csiszer, BSc<\/h4>\n                                            <p class=\"team-info-category\">\n                                                                                                                                                \n                                                                                                    Assistent*in Forschung &amp; Lehre<br \/>\n                                                                                            <\/p>\n                                            <p class=\"team-info-content\">\n                                                                                            <\/p>\n                                        <\/div>\n                                    <\/div>\n                                <\/div>\n                                <div class=\"col-md-6\">\n                                                                            <p><a href=\"tel:+43 316 6002-257\" class=\"link-tel\"><i class=\"fa fa-2x fa-mobile fa-bg-round fa-left\"><\/i>+43 316 6002-257<\/a><\/p>\n                                                                                                                <p><a href=\"mailto:roland.csiszer@campus02.at\" class=\"link-mailto\"><i class=\"fa fa-2x fa-envelope-o fa-bg-round fa-left\"><\/i>roland.csiszer@campus02.at<\/a><\/p>\n                                                                                                                <p><span><i class=\"fa fa-2x fa-location-arrow fa-bg-round fa-left\"><\/i>Raumnummer: CR 109<\/span><\/p>\n                                                                    <\/div>\n                            <\/div>\n                                                    <div id=\"teamInfo103804\" class=\"team-info row\">\n                                <div class=\"col-md-6\">\n                                    <div class=\"media\">\n                                        <div class=\"pull-left\">\n                                            <i class=\"fa fa-2x fa-comment-o fa-bg-round\"><\/i>\n                                        <\/div>\n                                        <div class=\"media-body\">\n                                            <h4 class=\"media-heading\">Dr. Berndt Jesenko, MSc<\/h4>\n                                            <p class=\"team-info-category\">\n                                                                                                                                                \n                                                                                                    Lehre und Forschung<br \/>\n                                                                                            <\/p>\n                                            <p class=\"team-info-content\">\n                                                                                            <\/p>\n                                        <\/div>\n                                    <\/div>\n                                <\/div>\n                                <div class=\"col-md-6\">\n                                                                            <p><a href=\"tel:+43 316 6002-395\" class=\"link-tel\"><i class=\"fa fa-2x fa-mobile fa-bg-round fa-left\"><\/i>+43 316 6002-395<\/a><\/p>\n                                                                                                                <p><a href=\"mailto:berndt.jesenko@campus02.at\" class=\"link-mailto\"><i class=\"fa fa-2x fa-envelope-o fa-bg-round fa-left\"><\/i>berndt.jesenko@campus02.at<\/a><\/p>\n                                                                                                                <p><span><i class=\"fa fa-2x fa-location-arrow fa-bg-round fa-left\"><\/i>Raumnummer: CR 204<\/span><\/p>\n                                                                    <\/div>\n                            <\/div>\n                                                    <div id=\"teamInfo481\" class=\"team-info row\">\n                                <div class=\"col-md-6\">\n                                    <div class=\"media\">\n                                        <div class=\"pull-left\">\n                                            <i class=\"fa fa-2x fa-comment-o fa-bg-round\"><\/i>\n                                        <\/div>\n                                        <div class=\"media-body\">\n                                            <h4 class=\"media-heading\">Dr. Xiaoshan Liu<\/h4>\n                                            <p class=\"team-info-category\">\n                                                                                                                                                \n                                                                                                    Lehre und Forschung<br \/>\n                                                                                            <\/p>\n                                            <p class=\"team-info-content\">\n                                                                                            <\/p>\n                                        <\/div>\n                                    <\/div>\n                                <\/div>\n                                <div class=\"col-md-6\">\n                                                                            <p><a href=\"tel:+43 316 6002-760\" class=\"link-tel\"><i class=\"fa fa-2x fa-mobile fa-bg-round fa-left\"><\/i>+43 316 6002-760<\/a><\/p>\n                                                                                                                <p><a href=\"mailto:xiaoshan.liu@campus02.at\" class=\"link-mailto\"><i class=\"fa fa-2x fa-envelope-o fa-bg-round fa-left\"><\/i>xiaoshan.liu@campus02.at<\/a><\/p>\n                                                                                                                <p><span><i class=\"fa fa-2x fa-location-arrow fa-bg-round fa-left\"><\/i>Raumnummer: CR 109<\/span><\/p>\n                                                                    <\/div>\n                            <\/div>\n                                                    <div id=\"teamInfo95468\" class=\"team-info row\">\n                                <div class=\"col-md-6\">\n                                    <div class=\"media\">\n                                        <div class=\"pull-left\">\n                                            <i class=\"fa fa-2x fa-comment-o fa-bg-round\"><\/i>\n                                        <\/div>\n                                        <div class=\"media-body\">\n                                            <h4 class=\"media-heading\">Dr. Elisabeth Prettenthaler<\/h4>\n                                            <p class=\"team-info-category\">\n                                                                                                                                                \n                                                                                                    Lehre und Forschung<br \/>\n                                                                                            <\/p>\n                                            <p class=\"team-info-content\">\n                                                Koordinatorin Fachbereich Betriebswirtschaft und Management\r\nKoordinatorin Fachbereich Fremdsprachen und Pers\u00f6nlichkeit\r\nKoordinatorin F&amp;E                                            <\/p>\n                                        <\/div>\n                                    <\/div>\n                                <\/div>\n                                <div class=\"col-md-6\">\n                                                                            <p><a href=\"tel:+43 316 6002-347\" class=\"link-tel\"><i class=\"fa fa-2x fa-mobile fa-bg-round fa-left\"><\/i>+43 316 6002-347<\/a><\/p>\n                                                                                                                <p><a href=\"mailto:elisabeth.prettenthaler@campus02.at\" class=\"link-mailto\"><i class=\"fa fa-2x fa-envelope-o fa-bg-round fa-left\"><\/i>elisabeth.prettenthaler@campus02.at<\/a><\/p>\n                                                                                                                <p><span><i class=\"fa fa-2x fa-location-arrow fa-bg-round fa-left\"><\/i>Raumnummer: CR 104<\/span><\/p>\n                                                                    <\/div>\n                            <\/div>\n                                                    <div id=\"teamInfo113812\" class=\"team-info row\">\n                                <div class=\"col-md-6\">\n                                    <div class=\"media\">\n                                        <div class=\"pull-left\">\n                                            <i class=\"fa fa-2x fa-comment-o fa-bg-round\"><\/i>\n                                        <\/div>\n                                        <div class=\"media-body\">\n                                            <h4 class=\"media-heading\">DI Daniel Resanovic, Bakk. rer. soc. oec.<\/h4>\n                                            <p class=\"team-info-category\">\n                                                                                                                                                \n                                                                                                    Lehre und Forschung<br \/>\n                                                                                            <\/p>\n                                            <p class=\"team-info-content\">\n                                                                                            <\/p>\n                                        <\/div>\n                                    <\/div>\n                                <\/div>\n                                <div class=\"col-md-6\">\n                                                                            <p><a href=\"tel:+43 316 6002-328\" class=\"link-tel\"><i class=\"fa fa-2x fa-mobile fa-bg-round fa-left\"><\/i>+43 316 6002-328<\/a><\/p>\n                                                                                                                <p><a href=\"mailto:daniel.resanovic@campus02.at\" class=\"link-mailto\"><i class=\"fa fa-2x fa-envelope-o fa-bg-round fa-left\"><\/i>daniel.resanovic@campus02.at<\/a><\/p>\n                                                                                                                <p><span><i class=\"fa fa-2x fa-location-arrow fa-bg-round fa-left\"><\/i>Raumnummer: CR 102<\/span><\/p>\n                                                                    <\/div>\n                            <\/div>\n                                                    <div id=\"teamInfo8761\" class=\"team-info row\">\n                                <div class=\"col-md-6\">\n                                    <div class=\"media\">\n                                        <div class=\"pull-left\">\n                                            <i class=\"fa fa-2x fa-comment-o fa-bg-round\"><\/i>\n                                        <\/div>\n                                        <div class=\"media-body\">\n                                            <h4 class=\"media-heading\">Mag. DI Eva Schirgi<\/h4>\n                                            <p class=\"team-info-category\">\n                                                                                                                                                \n                                                                                                    Lehre und Forschung<br \/>\n                                                                                            <\/p>\n                                            <p class=\"team-info-content\">\n                                                Koordinatorin Fachbereich Data Science\r\nKoordinatorin Fachbereich Projekte und Wissenschaftliches Arbeiten                                            <\/p>\n                                        <\/div>\n                                    <\/div>\n                                <\/div>\n                                <div class=\"col-md-6\">\n                                                                            <p><a href=\"tel:+43 316 6002-339\" class=\"link-tel\"><i class=\"fa fa-2x fa-mobile fa-bg-round fa-left\"><\/i>+43 316 6002-339<\/a><\/p>\n                                                                                                                <p><a href=\"mailto:eva.schirgi@campus02.at\" class=\"link-mailto\"><i class=\"fa fa-2x fa-envelope-o fa-bg-round fa-left\"><\/i>eva.schirgi@campus02.at<\/a><\/p>\n                                                                                                                <p><span><i class=\"fa fa-2x fa-location-arrow fa-bg-round fa-left\"><\/i>Raumnummer: CR 104<\/span><\/p>\n                                                                    <\/div>\n                            <\/div>\n                                                    <div id=\"teamInfo508\" class=\"team-info row\">\n                                <div class=\"col-md-6\">\n                                    <div class=\"media\">\n                                        <div class=\"pull-left\">\n                                            <i class=\"fa fa-2x fa-comment-o fa-bg-round\"><\/i>\n                                        <\/div>\n                                        <div class=\"media-body\">\n                                            <h4 class=\"media-heading\">DI Dr. Selver Softic<\/h4>\n                                            <p class=\"team-info-category\">\n                                                                                                                                                \n                                                                                                    Lehre und Forschung<br \/>\n                                                                                            <\/p>\n                                            <p class=\"team-info-content\">\n                                                Koordinator Internationalisierung\r\nKoordinator Fachbereich Informationstechnologien                                            <\/p>\n                                        <\/div>\n                                    <\/div>\n                                <\/div>\n                                <div class=\"col-md-6\">\n                                                                            <p><a href=\"tel:+43 316 6002-343\" class=\"link-tel\"><i class=\"fa fa-2x fa-mobile fa-bg-round fa-left\"><\/i>+43 316 6002-343<\/a><\/p>\n                                                                                                                <p><a href=\"mailto:selver.softic@campus02.at\" class=\"link-mailto\"><i class=\"fa fa-2x fa-envelope-o fa-bg-round fa-left\"><\/i>selver.softic@campus02.at<\/a><\/p>\n                                                                                                                <p><span><i class=\"fa fa-2x fa-location-arrow fa-bg-round fa-left\"><\/i>Raumnummer: CR 102<\/span><\/p>\n                                                                    <\/div>\n                            <\/div>\n                                            <\/div>\n                <\/div>\n                            <div id=\"teamSlider1_2\" class=\"carousel slide team-carousel\" style=\"display:none;\" data-ride=\"carousel\" data-interval=\"\">\n                    <div class=\"carousel-inner\" role=\"listbox\">\n                                                                                <div class=\"item active\">\n                            <div class=\"row\">\n                                                    <div class=\"col-md-3 team-item text-center\" data-target=\"#teamInfo101301\">\n                                <div class=\"team-item-image\"><img loading=\"lazy\" decoding=\"async\" width=\"200\" height=\"200\" src=\"https:\/\/www.campus02.at\/wirtschaftsinformatik\/wp-content\/uploads\/2021\/12\/gregor-bergsteiger-1-200x200.jpg\" class=\"img-responsive wp-post-image\" alt=\"Portr\u00e4tfoto von Gregor Begsteiger\" srcset=\"https:\/\/www.campus02.at\/wirtschaftsinformatik\/wp-content\/uploads\/2021\/12\/gregor-bergsteiger-1-200x200.jpg 200w, https:\/\/www.campus02.at\/wirtschaftsinformatik\/wp-content\/uploads\/2021\/12\/gregor-bergsteiger-1-150x150.jpg 150w, https:\/\/www.campus02.at\/wirtschaftsinformatik\/wp-content\/uploads\/2021\/12\/gregor-bergsteiger-1-300x300.jpg 300w\" sizes=\"(max-width: 200px) 100vw, 200px\" \/><\/div>\n                                <div class=\"team-item-name\">Gregor Begsteiger<\/div>\n                                                            <\/div>\n                                                                                                            <div class=\"col-md-3 team-item text-center\" data-target=\"#teamInfo141292\">\n                                <div class=\"team-item-image\"><img loading=\"lazy\" decoding=\"async\" width=\"200\" height=\"200\" src=\"https:\/\/www.campus02.at\/wirtschaftsinformatik\/wp-content\/uploads\/2023\/09\/ow-1394-200x200.jpg\" class=\"img-responsive wp-post-image\" alt=\"Portr\u00e4t Jennifer Hirschenberger\" srcset=\"https:\/\/www.campus02.at\/wirtschaftsinformatik\/wp-content\/uploads\/2023\/09\/ow-1394-200x200.jpg 200w, https:\/\/www.campus02.at\/wirtschaftsinformatik\/wp-content\/uploads\/2023\/09\/ow-1394-150x150.jpg 150w, https:\/\/www.campus02.at\/wirtschaftsinformatik\/wp-content\/uploads\/2023\/09\/ow-1394-300x300.jpg 300w\" sizes=\"(max-width: 200px) 100vw, 200px\" \/><\/div>\n                                <div class=\"team-item-name\">Jennifer Hirschenberger<\/div>\n                                                            <\/div>\n                                                                                                            <div class=\"col-md-3 team-item text-center\" data-target=\"#teamInfo145084\">\n                                <div class=\"team-item-image\"><img loading=\"lazy\" decoding=\"async\" width=\"200\" height=\"200\" src=\"https:\/\/www.campus02.at\/wirtschaftsinformatik\/wp-content\/uploads\/2024\/02\/ow-veselka-200x200.jpg\" class=\"img-responsive wp-post-image\" alt=\"Portr\u00e4t von Birgit Veselka\" srcset=\"https:\/\/www.campus02.at\/wirtschaftsinformatik\/wp-content\/uploads\/2024\/02\/ow-veselka-200x200.jpg 200w, https:\/\/www.campus02.at\/wirtschaftsinformatik\/wp-content\/uploads\/2024\/02\/ow-veselka-150x150.jpg 150w, https:\/\/www.campus02.at\/wirtschaftsinformatik\/wp-content\/uploads\/2024\/02\/ow-veselka-300x300.jpg 300w\" sizes=\"(max-width: 200px) 100vw, 200px\" \/><\/div>\n                                <div class=\"team-item-name\">Birgit  Veselka<\/div>\n                                                            <\/div>\n                                                                                                            <div class=\"col-md-3 team-item text-center\" data-target=\"#teamInfo145545\">\n                                <div class=\"team-item-image\"><img loading=\"lazy\" decoding=\"async\" width=\"200\" height=\"200\" src=\"https:\/\/www.campus02.at\/wirtschaftsinformatik\/wp-content\/uploads\/2024\/03\/ow-kandutsch-200x200.jpg\" class=\"img-responsive wp-post-image\" alt=\"Portr\u00e4t von Julia Kandutsch\" srcset=\"https:\/\/www.campus02.at\/wirtschaftsinformatik\/wp-content\/uploads\/2024\/03\/ow-kandutsch-200x200.jpg 200w, https:\/\/www.campus02.at\/wirtschaftsinformatik\/wp-content\/uploads\/2024\/03\/ow-kandutsch-150x150.jpg 150w, https:\/\/www.campus02.at\/wirtschaftsinformatik\/wp-content\/uploads\/2024\/03\/ow-kandutsch-300x300.jpg 300w\" sizes=\"(max-width: 200px) 100vw, 200px\" \/><\/div>\n                                <div class=\"team-item-name\">Julia Kandutsch<\/div>\n                                                            <\/div>\n                                                        <\/div>\n                            <\/div>\n                                                                                                        <div class=\"item\">\n                            <div class=\"row\">\n                                                    <div class=\"col-md-3 team-item text-center\" data-target=\"#teamInfo148339\">\n                                <div class=\"team-item-image\"><img loading=\"lazy\" decoding=\"async\" width=\"200\" height=\"200\" src=\"https:\/\/www.campus02.at\/wirtschaftsinformatik\/wp-content\/uploads\/2024\/06\/ow-5802-200x200.jpg\" class=\"img-responsive wp-post-image\" alt=\"Portr\u00e4t Nicole Kosel\" srcset=\"https:\/\/www.campus02.at\/wirtschaftsinformatik\/wp-content\/uploads\/2024\/06\/ow-5802-200x200.jpg 200w, https:\/\/www.campus02.at\/wirtschaftsinformatik\/wp-content\/uploads\/2024\/06\/ow-5802-150x150.jpg 150w, https:\/\/www.campus02.at\/wirtschaftsinformatik\/wp-content\/uploads\/2024\/06\/ow-5802-300x300.jpg 300w\" sizes=\"(max-width: 200px) 100vw, 200px\" \/><\/div>\n                                <div class=\"team-item-name\">Nicole Kosel <\/div>\n                                                            <\/div>\n                                                                                                            <div class=\"col-md-3 team-item text-center\" data-target=\"#teamInfo100761\">\n                                <div class=\"team-item-image\"><img loading=\"lazy\" decoding=\"async\" width=\"200\" height=\"200\" src=\"https:\/\/www.campus02.at\/wirtschaftsinformatik\/wp-content\/uploads\/2021\/12\/christina-berger-200x200.jpg\" class=\"img-responsive wp-post-image\" alt=\"Portr\u00e4tfoto von Christina Berger\" srcset=\"https:\/\/www.campus02.at\/wirtschaftsinformatik\/wp-content\/uploads\/2021\/12\/christina-berger-200x200.jpg 200w, https:\/\/www.campus02.at\/wirtschaftsinformatik\/wp-content\/uploads\/2021\/12\/christina-berger-150x150.jpg 150w, https:\/\/www.campus02.at\/wirtschaftsinformatik\/wp-content\/uploads\/2021\/12\/christina-berger-300x300.jpg 300w\" sizes=\"(max-width: 200px) 100vw, 200px\" \/><\/div>\n                                <div class=\"team-item-name\">Christina Berger<\/div>\n                                                            <\/div>\n                                                                                                            <div class=\"col-md-3 team-item text-center\" data-target=\"#teamInfo103807\">\n                                <div class=\"team-item-image\"><img loading=\"lazy\" decoding=\"async\" width=\"200\" height=\"200\" src=\"https:\/\/www.campus02.at\/wirtschaftsinformatik\/wp-content\/uploads\/2021\/12\/tamara-lehner-1-200x200.jpg\" class=\"img-responsive wp-post-image\" alt=\"Portr\u00e4tfoto von Tamara Lehner\" srcset=\"https:\/\/www.campus02.at\/wirtschaftsinformatik\/wp-content\/uploads\/2021\/12\/tamara-lehner-1-200x200.jpg 200w, https:\/\/www.campus02.at\/wirtschaftsinformatik\/wp-content\/uploads\/2021\/12\/tamara-lehner-1-150x150.jpg 150w, https:\/\/www.campus02.at\/wirtschaftsinformatik\/wp-content\/uploads\/2021\/12\/tamara-lehner-1-300x300.jpg 300w\" sizes=\"(max-width: 200px) 100vw, 200px\" \/><\/div>\n                                <div class=\"team-item-name\">Tamara Lehner<\/div>\n                                                            <\/div>\n                                                        <\/div>\n                            <\/div>\n                                                                    <\/div>\n                                            <a class=\"left carousel-control\" href=\"#teamSlider1_2\" role=\"button\" data-slide=\"prev\">\n                            <span class=\"fa fa-caret-left\" aria-hidden=\"true\"><\/span>\n                            <span class=\"sr-only\">Zur\u00fcck<\/span>\n                        <\/a>\n                        <a class=\"right carousel-control\" href=\"#teamSlider1_2\" role=\"button\" data-slide=\"next\">\n                            <span class=\"fa fa-caret-right\" aria-hidden=\"true\"><\/span>\n                            <span class=\"sr-only\">Weiter<\/span>\n                        <\/a>\n                                        <div class=\"team-info-container\">\n                                                    <div id=\"teamInfo101301\" class=\"team-info row\">\n                                <div class=\"col-md-6\">\n                                    <div class=\"media\">\n                                        <div class=\"pull-left\">\n                                            <i class=\"fa fa-2x fa-comment-o fa-bg-round\"><\/i>\n                                        <\/div>\n                                        <div class=\"media-body\">\n                                            <h4 class=\"media-heading\">Gregor Begsteiger<\/h4>\n                                            <p class=\"team-info-category\">\n                                                                                                                                                \n                                                                                                    Office Manager*in<br \/>\n                                                                                            <\/p>\n                                            <p class=\"team-info-content\">\n                                                                                            <\/p>\n                                        <\/div>\n                                    <\/div>\n                                <\/div>\n                                <div class=\"col-md-6\">\n                                                                            <p><a href=\"tel:+43 316 6002-8162\" class=\"link-tel\"><i class=\"fa fa-2x fa-mobile fa-bg-round fa-left\"><\/i>+43 316 6002-8162<\/a><\/p>\n                                                                                                                <p><a href=\"mailto:gregor.begsteiger@campus02.at\" class=\"link-mailto\"><i class=\"fa fa-2x fa-envelope-o fa-bg-round fa-left\"><\/i>gregor.begsteiger@campus02.at<\/a><\/p>\n                                                                                                                <p><span><i class=\"fa fa-2x fa-location-arrow fa-bg-round fa-left\"><\/i>Raumnummer: CR 104<\/span><\/p>\n                                                                    <\/div>\n                            <\/div>\n                                                    <div id=\"teamInfo141292\" class=\"team-info row\">\n                                <div class=\"col-md-6\">\n                                    <div class=\"media\">\n                                        <div class=\"pull-left\">\n                                            <i class=\"fa fa-2x fa-comment-o fa-bg-round\"><\/i>\n                                        <\/div>\n                                        <div class=\"media-body\">\n                                            <h4 class=\"media-heading\">Jennifer Hirschenberger<\/h4>\n                                            <p class=\"team-info-category\">\n                                                                                                                                                \n                                                                                                    Office Manager*in<br \/>\n                                                                                            <\/p>\n                                            <p class=\"team-info-content\">\n                                                                                            <\/p>\n                                        <\/div>\n                                    <\/div>\n                                <\/div>\n                                <div class=\"col-md-6\">\n                                                                            <p><a href=\"tel:+43 316 6002-358\" class=\"link-tel\"><i class=\"fa fa-2x fa-mobile fa-bg-round fa-left\"><\/i>+43 316 6002-358<\/a><\/p>\n                                                                                                                <p><a href=\"mailto:jennifer.hirschenberger@campus02.at\" class=\"link-mailto\"><i class=\"fa fa-2x fa-envelope-o fa-bg-round fa-left\"><\/i>jennifer.hirschenberger@campus02.at<\/a><\/p>\n                                                                                                                <p><span><i class=\"fa fa-2x fa-location-arrow fa-bg-round fa-left\"><\/i>Raumnummer: CR 203<\/span><\/p>\n                                                                    <\/div>\n                            <\/div>\n                                                    <div id=\"teamInfo145084\" class=\"team-info row\">\n                                <div class=\"col-md-6\">\n                                    <div class=\"media\">\n                                        <div class=\"pull-left\">\n                                            <i class=\"fa fa-2x fa-comment-o fa-bg-round\"><\/i>\n                                        <\/div>\n                                        <div class=\"media-body\">\n                                            <h4 class=\"media-heading\">Birgit  Veselka<\/h4>\n                                            <p class=\"team-info-category\">\n                                                                                                                                                \n                                                                                                    Office Manager*in<br \/>\n                                                                                            <\/p>\n                                            <p class=\"team-info-content\">\n                                                                                            <\/p>\n                                        <\/div>\n                                    <\/div>\n                                <\/div>\n                                <div class=\"col-md-6\">\n                                                                            <p><a href=\"tel:+43 316 6002-763\" class=\"link-tel\"><i class=\"fa fa-2x fa-mobile fa-bg-round fa-left\"><\/i>+43 316 6002-763<\/a><\/p>\n                                                                                                                <p><a href=\"mailto:birgit.veselka@campus02.at\" class=\"link-mailto\"><i class=\"fa fa-2x fa-envelope-o fa-bg-round fa-left\"><\/i>birgit.veselka@campus02.at<\/a><\/p>\n                                                                                                                <p><span><i class=\"fa fa-2x fa-location-arrow fa-bg-round fa-left\"><\/i>Raumnummer: CR 203<\/span><\/p>\n                                                                    <\/div>\n                            <\/div>\n                                                    <div id=\"teamInfo145545\" class=\"team-info row\">\n                                <div class=\"col-md-6\">\n                                    <div class=\"media\">\n                                        <div class=\"pull-left\">\n                                            <i class=\"fa fa-2x fa-comment-o fa-bg-round\"><\/i>\n                                        <\/div>\n                                        <div class=\"media-body\">\n                                            <h4 class=\"media-heading\">Julia Kandutsch<\/h4>\n                                            <p class=\"team-info-category\">\n                                                                                                                                                \n                                                                                                    Office Manager*in<br \/>\n                                                                                            <\/p>\n                                            <p class=\"team-info-content\">\n                                                                                            <\/p>\n                                        <\/div>\n                                    <\/div>\n                                <\/div>\n                                <div class=\"col-md-6\">\n                                                                            <p><a href=\"tel:+43 316 6002-762\" class=\"link-tel\"><i class=\"fa fa-2x fa-mobile fa-bg-round fa-left\"><\/i>+43 316 6002-762<\/a><\/p>\n                                                                                                                <p><a href=\"mailto:julia.kandutsch@campus02.at\" class=\"link-mailto\"><i class=\"fa fa-2x fa-envelope-o fa-bg-round fa-left\"><\/i>julia.kandutsch@campus02.at<\/a><\/p>\n                                                                                                                <p><span><i class=\"fa fa-2x fa-location-arrow fa-bg-round fa-left\"><\/i>Raumnummer: CR 203<\/span><\/p>\n                                                                    <\/div>\n                            <\/div>\n                                                    <div id=\"teamInfo148339\" class=\"team-info row\">\n                                <div class=\"col-md-6\">\n                                    <div class=\"media\">\n                                        <div class=\"pull-left\">\n                                            <i class=\"fa fa-2x fa-comment-o fa-bg-round\"><\/i>\n                                        <\/div>\n                                        <div class=\"media-body\">\n                                            <h4 class=\"media-heading\">Nicole Kosel <\/h4>\n                                            <p class=\"team-info-category\">\n                                                                                                                                                \n                                                                                                    Office Manager*in<br \/>\n                                                                                            <\/p>\n                                            <p class=\"team-info-content\">\n                                                                                            <\/p>\n                                        <\/div>\n                                    <\/div>\n                                <\/div>\n                                <div class=\"col-md-6\">\n                                                                            <p><a href=\"tel:+43 316 6002-346\" class=\"link-tel\"><i class=\"fa fa-2x fa-mobile fa-bg-round fa-left\"><\/i>+43 316 6002-346<\/a><\/p>\n                                                                                                                <p><a href=\"mailto:nicole.kosel@campus02.at\" class=\"link-mailto\"><i class=\"fa fa-2x fa-envelope-o fa-bg-round fa-left\"><\/i>nicole.kosel@campus02.at<\/a><\/p>\n                                                                                                                <p><span><i class=\"fa fa-2x fa-location-arrow fa-bg-round fa-left\"><\/i>Raumnummer: CR 202<\/span><\/p>\n                                                                    <\/div>\n                            <\/div>\n                                                    <div id=\"teamInfo100761\" class=\"team-info row\">\n                                <div class=\"col-md-6\">\n                                    <div class=\"media\">\n                                        <div class=\"pull-left\">\n                                            <i class=\"fa fa-2x fa-comment-o fa-bg-round\"><\/i>\n                                        <\/div>\n                                        <div class=\"media-body\">\n                                            <h4 class=\"media-heading\">Christina Berger<\/h4>\n                                            <p class=\"team-info-category\">\n                                                                                                                                                \n                                                                                                    Office Manager*in<br \/>\n                                                                                            <\/p>\n                                            <p class=\"team-info-content\">\n                                                Koordinatorin Studienbetrieb\r\nKoordinatorin Internationalisierung                                            <\/p>\n                                        <\/div>\n                                    <\/div>\n                                <\/div>\n                                <div class=\"col-md-6\">\n                                                                            <p><a href=\"tel:+43 316 6002-8172\" class=\"link-tel\"><i class=\"fa fa-2x fa-mobile fa-bg-round fa-left\"><\/i>+43 316 6002-8172<\/a><\/p>\n                                                                                                                <p><a href=\"mailto:christina.berger@campus02.at\" class=\"link-mailto\"><i class=\"fa fa-2x fa-envelope-o fa-bg-round fa-left\"><\/i>christina.berger@campus02.at<\/a><\/p>\n                                                                                                                <p><span><i class=\"fa fa-2x fa-location-arrow fa-bg-round fa-left\"><\/i>Raumnummer: CR 203<\/span><\/p>\n                                                                    <\/div>\n                            <\/div>\n                                                    <div id=\"teamInfo103807\" class=\"team-info row\">\n                                <div class=\"col-md-6\">\n                                    <div class=\"media\">\n                                        <div class=\"pull-left\">\n                                            <i class=\"fa fa-2x fa-comment-o fa-bg-round\"><\/i>\n                                        <\/div>\n                                        <div class=\"media-body\">\n                                            <h4 class=\"media-heading\">Tamara Lehner<\/h4>\n                                            <p class=\"team-info-category\">\n                                                                                                                                                \n                                                                                                    Office Manager*in<br \/>\n                                                                                            <\/p>\n                                            <p class=\"team-info-content\">\n                                                Koordination Studiengang Business Software Development                                            <\/p>\n                                        <\/div>\n                                    <\/div>\n                                <\/div>\n                                <div class=\"col-md-6\">\n                                                                            <p><a href=\"tel:+43 316 6002-345\" class=\"link-tel\"><i class=\"fa fa-2x fa-mobile fa-bg-round fa-left\"><\/i>+43 316 6002-345<\/a><\/p>\n                                                                                                                <p><a href=\"mailto:tamara.lehner@campus02.at\" class=\"link-mailto\"><i class=\"fa fa-2x fa-envelope-o fa-bg-round fa-left\"><\/i>tamara.lehner@campus02.at<\/a><\/p>\n                                                                                                                <p><span><i class=\"fa fa-2x fa-location-arrow fa-bg-round fa-left\"><\/i>Raumnummer: CR 203<\/span><\/p>\n                                                                    <\/div>\n                            <\/div>\n                                            <\/div>\n                <\/div>\n                            <div id=\"teamSlider1_3\" class=\"carousel slide team-carousel\" style=\"display:none;\" data-ride=\"carousel\" data-interval=\"\">\n                    <div class=\"carousel-inner\" role=\"listbox\">\n                                                                                <div class=\"item active\">\n                            <div class=\"row\">\n                                                    <div class=\"col-md-3 team-item text-center\" data-target=\"#teamInfo157108\">\n                                <div class=\"team-item-image\"><img loading=\"lazy\" decoding=\"async\" width=\"200\" height=\"200\" src=\"https:\/\/www.campus02.at\/wirtschaftsinformatik\/wp-content\/uploads\/2025\/07\/ow-9742-200x200.jpg\" class=\"img-responsive wp-post-image\" alt=\"Portr\u00e4tfoto von Daniela Haumer\" srcset=\"https:\/\/www.campus02.at\/wirtschaftsinformatik\/wp-content\/uploads\/2025\/07\/ow-9742-200x200.jpg 200w, https:\/\/www.campus02.at\/wirtschaftsinformatik\/wp-content\/uploads\/2025\/07\/ow-9742-150x150.jpg 150w, https:\/\/www.campus02.at\/wirtschaftsinformatik\/wp-content\/uploads\/2025\/07\/ow-9742-300x300.jpg 300w\" sizes=\"(max-width: 200px) 100vw, 200px\" \/><\/div>\n                                <div class=\"team-item-name\">Daniela Haumer<\/div>\n                                                            <\/div>\n                                                                                                            <div class=\"col-md-3 team-item text-center\" data-target=\"#teamInfo164336\">\n                                <div class=\"team-item-image\"><img loading=\"lazy\" decoding=\"async\" width=\"200\" height=\"200\" src=\"https:\/\/www.campus02.at\/wirtschaftsinformatik\/wp-content\/uploads\/2026\/04\/ow-5957-200x200.jpg\" class=\"img-responsive wp-post-image\" alt=\"Portr\u00e4tfoto von Nataliia Voronina\" srcset=\"https:\/\/www.campus02.at\/wirtschaftsinformatik\/wp-content\/uploads\/2026\/04\/ow-5957-200x200.jpg 200w, https:\/\/www.campus02.at\/wirtschaftsinformatik\/wp-content\/uploads\/2026\/04\/ow-5957-150x150.jpg 150w, https:\/\/www.campus02.at\/wirtschaftsinformatik\/wp-content\/uploads\/2026\/04\/ow-5957-300x300.jpg 300w\" sizes=\"(max-width: 200px) 100vw, 200px\" \/><\/div>\n                                <div class=\"team-item-name\">Nataliia Voronina<\/div>\n                                                            <\/div>\n                                                        <\/div>\n                            <\/div>\n                                                                    <\/div>\n                                        <div class=\"team-info-container\">\n                                                    <div id=\"teamInfo157108\" class=\"team-info row\">\n                                <div class=\"col-md-6\">\n                                    <div class=\"media\">\n                                        <div class=\"pull-left\">\n                                            <i class=\"fa fa-2x fa-comment-o fa-bg-round\"><\/i>\n                                        <\/div>\n                                        <div class=\"media-body\">\n                                            <h4 class=\"media-heading\">Daniela Haumer<\/h4>\n                                            <p class=\"team-info-category\">\n                                                                                                                                                \n                                                                                                    Studien- und Projektassistent*in<br \/>\n                                                                                            <\/p>\n                                            <p class=\"team-info-content\">\n                                                                                            <\/p>\n                                        <\/div>\n                                    <\/div>\n                                <\/div>\n                                <div class=\"col-md-6\">\n                                                                            <p><a href=\"tel:+43 316 6002-330\" class=\"link-tel\"><i class=\"fa fa-2x fa-mobile fa-bg-round fa-left\"><\/i>+43 316 6002-330<\/a><\/p>\n                                                                                                                <p><a href=\"mailto:daniela.haumer@campus02.at\" class=\"link-mailto\"><i class=\"fa fa-2x fa-envelope-o fa-bg-round fa-left\"><\/i>daniela.haumer@campus02.at<\/a><\/p>\n                                                                                                                <p><span><i class=\"fa fa-2x fa-location-arrow fa-bg-round fa-left\"><\/i>Raumnummer: CR 103<\/span><\/p>\n                                                                    <\/div>\n                            <\/div>\n                                                    <div id=\"teamInfo164336\" class=\"team-info row\">\n                                <div class=\"col-md-6\">\n                                    <div class=\"media\">\n                                        <div class=\"pull-left\">\n                                            <i class=\"fa fa-2x fa-comment-o fa-bg-round\"><\/i>\n                                        <\/div>\n                                        <div class=\"media-body\">\n                                            <h4 class=\"media-heading\">Nataliia Voronina<\/h4>\n                                            <p class=\"team-info-category\">\n                                                                                                                                                \n                                                                                                    Studien- und Projektassistent*in<br \/>\n                                                                                            <\/p>\n                                            <p class=\"team-info-content\">\n                                                                                            <\/p>\n                                        <\/div>\n                                    <\/div>\n                                <\/div>\n                                <div class=\"col-md-6\">\n                                                                            <p><a href=\"tel:+43 316 6002-341\" class=\"link-tel\"><i class=\"fa fa-2x fa-mobile fa-bg-round fa-left\"><\/i>+43 316 6002-341<\/a><\/p>\n                                                                                                                <p><a href=\"mailto:nataliia.voronina@campus02.at\" class=\"link-mailto\"><i class=\"fa fa-2x fa-envelope-o fa-bg-round fa-left\"><\/i>nataliia.voronina@campus02.at<\/a><\/p>\n                                                                                                                <p><span><i class=\"fa fa-2x fa-location-arrow fa-bg-round fa-left\"><\/i>Raumnummer: CR 103<\/span><\/p>\n                                                                    <\/div>\n                            <\/div>\n                                            <\/div>\n                <\/div>\n                    <\/div>\n                    \n            <div class=\"team-group-all hide\">\n                                    <h3>Studiengangsleitung<\/h3>\n                    <div class=\"row\">\n                                                    <div class=\"col-md-3 team-item text-center\" data-target=\"#teamAllInfo6420\">\n                                <div class=\"team-item-image\"><img decoding=\"async\" width=\"200\" height=\"200\" src=\"https:\/\/www.campus02.at\/wirtschaftsinformatik\/wp-content\/uploads\/2026\/04\/ow-5817-200x200.jpg\" class=\"img-responsive wp-post-image\" alt=\"Portr\u00e4tfoto von Stefan Gr\u00fcnwald\" srcset=\"https:\/\/www.campus02.at\/wirtschaftsinformatik\/wp-content\/uploads\/2026\/04\/ow-5817-200x200.jpg 200w, https:\/\/www.campus02.at\/wirtschaftsinformatik\/wp-content\/uploads\/2026\/04\/ow-5817-150x150.jpg 150w, https:\/\/www.campus02.at\/wirtschaftsinformatik\/wp-content\/uploads\/2026\/04\/ow-5817-300x300.jpg 300w\" sizes=\"(max-width: 200px) 100vw, 200px\" \/><\/div>\n                                <div class=\"team-item-name\">Stefan Gr\u00fcnwald<\/div>\n                                                            <\/div>\n                                                        <div class=\"team-info-container col-md-12\">\n                                                                    <div id=\"teamAllInfo6420\" class=\"team-info\">\n                                        <div class=\"col-md-6\">\n                                            <div class=\"media\">\n                                                <div class=\"pull-left\">\n                                                    <i class=\"fa fa-2x fa-comment-o fa-bg-round\"><\/i>\n                                                <\/div>\n                                                <div class=\"media-body\">\n                                                    <h4 class=\"media-heading\">FH-Prof. DI Dr.techn. Stefan Gr\u00fcnwald<\/h4>\n                                                    <p class=\"team-info-category\">\n                                                                                                                                                                        \n                                                                                                                    Studiengangsleitung<br \/>\n                                                                                                            <\/p>\n                                                    <p class=\"team-info-content\">\n                                                                                                            <\/p>\n                                                <\/div>\n                                            <\/div>\n                                        <\/div>\n                                        <div class=\"col-md-6\">\n                                                                                            <p><a href=\"tel:+43 316 6002-398\" class=\"link-tel\"><i class=\"fa fa-2x fa-mobile fa-bg-round fa-left\"><\/i>+43 316 6002-398<\/a><\/p>\n                                                                                                                                        <p><a href=\"mailto:stefan.gruenwald@campus02.at\" class=\"link-mailto\"><i class=\"fa fa-2x fa-envelope-o fa-bg-round fa-left\"><\/i>stefan.gruenwald@campus02.at<\/a><\/p>\n                                                                                                                                        <p><span><i class=\"fa fa-2x fa-location-arrow fa-bg-round fa-left\"><\/i>Raumnummer: CR 205<\/span><\/p>\n                                                                                    <\/div>\n                                    <\/div>\n                                                                <\/div>\n                                                                    <\/div>\n                                    <h3>Lehre &amp; Forschung: Hauptberuflich<\/h3>\n                    <div class=\"row\">\n                                                    <div class=\"col-md-3 team-item text-center\" data-target=\"#teamAllInfo127853\">\n                                <div class=\"team-item-image\"><img decoding=\"async\" width=\"200\" height=\"200\" src=\"https:\/\/www.campus02.at\/wirtschaftsinformatik\/wp-content\/uploads\/2022\/12\/yevheniia-andriichenko-ow-2216-200x200.jpg\" class=\"img-responsive wp-post-image\" alt=\"Yevheniia Andriichenko\" srcset=\"https:\/\/www.campus02.at\/wirtschaftsinformatik\/wp-content\/uploads\/2022\/12\/yevheniia-andriichenko-ow-2216-200x200.jpg 200w, https:\/\/www.campus02.at\/wirtschaftsinformatik\/wp-content\/uploads\/2022\/12\/yevheniia-andriichenko-ow-2216-150x150.jpg 150w, https:\/\/www.campus02.at\/wirtschaftsinformatik\/wp-content\/uploads\/2022\/12\/yevheniia-andriichenko-ow-2216-300x300.jpg 300w\" sizes=\"(max-width: 200px) 100vw, 200px\" \/><\/div>\n                                <div class=\"team-item-name\">Yevheniia  Andriichenko<\/div>\n                                                            <\/div>\n                                                                                <div class=\"col-md-3 team-item text-center\" data-target=\"#teamAllInfo122833\">\n                                <div class=\"team-item-image\"><img decoding=\"async\" width=\"200\" height=\"200\" src=\"https:\/\/www.campus02.at\/wirtschaftsinformatik\/wp-content\/uploads\/2022\/04\/fuchs-200x200.jpg\" class=\"img-responsive wp-post-image\" alt=\"Portraitfoto Bernhard Fuchs\" srcset=\"https:\/\/www.campus02.at\/wirtschaftsinformatik\/wp-content\/uploads\/2022\/04\/fuchs-200x200.jpg 200w, https:\/\/www.campus02.at\/wirtschaftsinformatik\/wp-content\/uploads\/2022\/04\/fuchs-150x150.jpg 150w, https:\/\/www.campus02.at\/wirtschaftsinformatik\/wp-content\/uploads\/2022\/04\/fuchs-300x300.jpg 300w\" sizes=\"(max-width: 200px) 100vw, 200px\" \/><\/div>\n                                <div class=\"team-item-name\">Bernhard  Fuchs<\/div>\n                                                            <\/div>\n                                                                                <div class=\"col-md-3 team-item text-center\" data-target=\"#teamAllInfo128241\">\n                                <div class=\"team-item-image\"><img loading=\"lazy\" decoding=\"async\" width=\"200\" height=\"200\" src=\"https:\/\/www.campus02.at\/wirtschaftsinformatik\/wp-content\/uploads\/2022\/12\/gerzic-harris-ow2424-200x200.jpg\" class=\"img-responsive wp-post-image\" alt=\"Harris Gerzic\" srcset=\"https:\/\/www.campus02.at\/wirtschaftsinformatik\/wp-content\/uploads\/2022\/12\/gerzic-harris-ow2424-200x200.jpg 200w, https:\/\/www.campus02.at\/wirtschaftsinformatik\/wp-content\/uploads\/2022\/12\/gerzic-harris-ow2424-150x150.jpg 150w, https:\/\/www.campus02.at\/wirtschaftsinformatik\/wp-content\/uploads\/2022\/12\/gerzic-harris-ow2424-300x300.jpg 300w\" sizes=\"(max-width: 200px) 100vw, 200px\" \/><\/div>\n                                <div class=\"team-item-name\">Harris  Gerzic<\/div>\n                                                            <\/div>\n                                                                                <div class=\"col-md-3 team-item text-center\" data-target=\"#teamAllInfo97734\">\n                                <div class=\"team-item-image\"><img loading=\"lazy\" decoding=\"async\" width=\"200\" height=\"200\" src=\"https:\/\/www.campus02.at\/wirtschaftsinformatik\/wp-content\/uploads\/2021\/12\/lisa-grobelscheg_-200x200.jpg\" class=\"img-responsive wp-post-image\" alt=\"Portr\u00e4tfoto von Lisa Grobelscheg\" srcset=\"https:\/\/www.campus02.at\/wirtschaftsinformatik\/wp-content\/uploads\/2021\/12\/lisa-grobelscheg_-200x200.jpg 200w, https:\/\/www.campus02.at\/wirtschaftsinformatik\/wp-content\/uploads\/2021\/12\/lisa-grobelscheg_-150x150.jpg 150w, https:\/\/www.campus02.at\/wirtschaftsinformatik\/wp-content\/uploads\/2021\/12\/lisa-grobelscheg_-300x300.jpg 300w\" sizes=\"(max-width: 200px) 100vw, 200px\" \/><\/div>\n                                <div class=\"team-item-name\">Lisa Grobelscheg<\/div>\n                                                            <\/div>\n                                                        <div class=\"team-info-container col-md-12\">\n                                                                    <div id=\"teamAllInfo127853\" class=\"team-info\">\n                                        <div class=\"col-md-6\">\n                                            <div class=\"media\">\n                                                <div class=\"pull-left\">\n                                                    <i class=\"fa fa-2x fa-comment-o fa-bg-round\"><\/i>\n                                                <\/div>\n                                                <div class=\"media-body\">\n                                                    <h4 class=\"media-heading\">Yevheniia  Andriichenko<\/h4>\n                                                    <p class=\"team-info-category\">\n                                                                                                                                                                        \n                                                                                                                    Assistent*in Forschung &amp; Lehre<br \/>\n                                                                                                            <\/p>\n                                                    <p class=\"team-info-content\">\n                                                                                                            <\/p>\n                                                <\/div>\n                                            <\/div>\n                                        <\/div>\n                                        <div class=\"col-md-6\">\n                                                                                            <p><a href=\"tel:+43 316 6002-8846\" class=\"link-tel\"><i class=\"fa fa-2x fa-mobile fa-bg-round fa-left\"><\/i>+43 316 6002-8846<\/a><\/p>\n                                                                                                                                        <p><a href=\"mailto:yevheniia.andriichenko@campus02.at\" class=\"link-mailto\"><i class=\"fa fa-2x fa-envelope-o fa-bg-round fa-left\"><\/i>yevheniia.andriichenko@campus02.at<\/a><\/p>\n                                                                                                                                        <p><span><i class=\"fa fa-2x fa-location-arrow fa-bg-round fa-left\"><\/i>Raumnummer: CR 103 <\/span><\/p>\n                                                                                    <\/div>\n                                    <\/div>\n                                                                        <div id=\"teamAllInfo122833\" class=\"team-info\">\n                                        <div class=\"col-md-6\">\n                                            <div class=\"media\">\n                                                <div class=\"pull-left\">\n                                                    <i class=\"fa fa-2x fa-comment-o fa-bg-round\"><\/i>\n                                                <\/div>\n                                                <div class=\"media-body\">\n                                                    <h4 class=\"media-heading\">DI Bernhard  Fuchs<\/h4>\n                                                    <p class=\"team-info-category\">\n                                                                                                                                                                        \n                                                                                                                    Lehre und Forschung<br \/>\n                                                                                                            <\/p>\n                                                    <p class=\"team-info-content\">\n                                                                                                            <\/p>\n                                                <\/div>\n                                            <\/div>\n                                        <\/div>\n                                        <div class=\"col-md-6\">\n                                                                                            <p><a href=\"tel:+43 316 6002-8953\" class=\"link-tel\"><i class=\"fa fa-2x fa-mobile fa-bg-round fa-left\"><\/i>+43 316 6002-8953<\/a><\/p>\n                                                                                                                                        <p><a href=\"mailto:bernhard.fuchs@campus02.at\" class=\"link-mailto\"><i class=\"fa fa-2x fa-envelope-o fa-bg-round fa-left\"><\/i>bernhard.fuchs@campus02.at<\/a><\/p>\n                                                                                                                                        <p><span><i class=\"fa fa-2x fa-location-arrow fa-bg-round fa-left\"><\/i>Raumnummer: CR 109<\/span><\/p>\n                                                                                    <\/div>\n                                    <\/div>\n                                                                        <div id=\"teamAllInfo128241\" class=\"team-info\">\n                                        <div class=\"col-md-6\">\n                                            <div class=\"media\">\n                                                <div class=\"pull-left\">\n                                                    <i class=\"fa fa-2x fa-comment-o fa-bg-round\"><\/i>\n                                                <\/div>\n                                                <div class=\"media-body\">\n                                                    <h4 class=\"media-heading\">Harris  Gerzic<\/h4>\n                                                    <p class=\"team-info-category\">\n                                                                                                                                                                        \n                                                                                                                    Lehre und Forschung<br \/>\n                                                                                                            <\/p>\n                                                    <p class=\"team-info-content\">\n                                                                                                            <\/p>\n                                                <\/div>\n                                            <\/div>\n                                        <\/div>\n                                        <div class=\"col-md-6\">\n                                                                                            <p><a href=\"tel:+43 316 6002-329\" class=\"link-tel\"><i class=\"fa fa-2x fa-mobile fa-bg-round fa-left\"><\/i>+43 316 6002-329<\/a><\/p>\n                                                                                                                                        <p><a href=\"mailto:harris.gerzic@campus02.at\" class=\"link-mailto\"><i class=\"fa fa-2x fa-envelope-o fa-bg-round fa-left\"><\/i>harris.gerzic@campus02.at<\/a><\/p>\n                                                                                                                                        <p><span><i class=\"fa fa-2x fa-location-arrow fa-bg-round fa-left\"><\/i>Raumnummer: CR 204<\/span><\/p>\n                                                                                    <\/div>\n                                    <\/div>\n                                                                        <div id=\"teamAllInfo97734\" class=\"team-info\">\n                                        <div class=\"col-md-6\">\n                                            <div class=\"media\">\n                                                <div class=\"pull-left\">\n                                                    <i class=\"fa fa-2x fa-comment-o fa-bg-round\"><\/i>\n                                                <\/div>\n                                                <div class=\"media-body\">\n                                                    <h4 class=\"media-heading\">Lisa Grobelscheg, BSc, MSc<\/h4>\n                                                    <p class=\"team-info-category\">\n                                                                                                                                                                        \n                                                                                                                    Lehre und Forschung<br \/>\n                                                                                                            <\/p>\n                                                    <p class=\"team-info-content\">\n                                                                                                            <\/p>\n                                                <\/div>\n                                            <\/div>\n                                        <\/div>\n                                        <div class=\"col-md-6\">\n                                                                                            <p><a href=\"tel:+43 316 6002-370\" class=\"link-tel\"><i class=\"fa fa-2x fa-mobile fa-bg-round fa-left\"><\/i>+43 316 6002-370<\/a><\/p>\n                                                                                                                                        <p><a href=\"mailto:lisa.grobelscheg@campus02.at\" class=\"link-mailto\"><i class=\"fa fa-2x fa-envelope-o fa-bg-round fa-left\"><\/i>lisa.grobelscheg@campus02.at<\/a><\/p>\n                                                                                                                                        <p><span><i class=\"fa fa-2x fa-location-arrow fa-bg-round fa-left\"><\/i>Raumnummer: CR 204<\/span><\/p>\n                                                                                    <\/div>\n                                    <\/div>\n                                                                <\/div>\n                                                                            <div class=\"col-md-3 team-item text-center\" data-target=\"#teamAllInfo489\">\n                                <div class=\"team-item-image\"><img loading=\"lazy\" decoding=\"async\" width=\"200\" height=\"200\" src=\"https:\/\/www.campus02.at\/wirtschaftsinformatik\/wp-content\/uploads\/2022\/02\/angelika-hoeber-montage-4293-1-200x200.jpg\" class=\"img-responsive wp-post-image\" alt=\"Portr\u00e4t Angelika H\u00f6ber\" srcset=\"https:\/\/www.campus02.at\/wirtschaftsinformatik\/wp-content\/uploads\/2022\/02\/angelika-hoeber-montage-4293-1-200x200.jpg 200w, https:\/\/www.campus02.at\/wirtschaftsinformatik\/wp-content\/uploads\/2022\/02\/angelika-hoeber-montage-4293-1-150x150.jpg 150w, https:\/\/www.campus02.at\/wirtschaftsinformatik\/wp-content\/uploads\/2022\/02\/angelika-hoeber-montage-4293-1-300x300.jpg 300w\" sizes=\"(max-width: 200px) 100vw, 200px\" \/><\/div>\n                                <div class=\"team-item-name\">Angelika H\u00f6ber<\/div>\n                                                            <\/div>\n                                                                                <div class=\"col-md-3 team-item text-center\" data-target=\"#teamAllInfo505\">\n                                <div class=\"team-item-image\"><img loading=\"lazy\" decoding=\"async\" width=\"200\" height=\"200\" src=\"https:\/\/www.campus02.at\/wirtschaftsinformatik\/wp-content\/uploads\/2021\/12\/patrick-schweighofer-1-200x200.jpg\" class=\"img-responsive wp-post-image\" alt=\"Portr\u00e4tfoto von Patrick Schweighofer\" srcset=\"https:\/\/www.campus02.at\/wirtschaftsinformatik\/wp-content\/uploads\/2021\/12\/patrick-schweighofer-1-200x200.jpg 200w, https:\/\/www.campus02.at\/wirtschaftsinformatik\/wp-content\/uploads\/2021\/12\/patrick-schweighofer-1-150x150.jpg 150w, https:\/\/www.campus02.at\/wirtschaftsinformatik\/wp-content\/uploads\/2021\/12\/patrick-schweighofer-1-300x300.jpg 300w\" sizes=\"(max-width: 200px) 100vw, 200px\" \/><\/div>\n                                <div class=\"team-item-name\">Patrick Beer<\/div>\n                                                            <\/div>\n                                                                                <div class=\"col-md-3 team-item text-center\" data-target=\"#teamAllInfo95836\">\n                                <div class=\"team-item-image\"><img loading=\"lazy\" decoding=\"async\" width=\"200\" height=\"200\" src=\"https:\/\/www.campus02.at\/wirtschaftsinformatik\/wp-content\/uploads\/2021\/12\/stefanie-hatzl-1-200x200.jpg\" class=\"img-responsive wp-post-image\" alt=\"Portr\u00e4tfoto von Stefanie Hatzl\" srcset=\"https:\/\/www.campus02.at\/wirtschaftsinformatik\/wp-content\/uploads\/2021\/12\/stefanie-hatzl-1-200x200.jpg 200w, https:\/\/www.campus02.at\/wirtschaftsinformatik\/wp-content\/uploads\/2021\/12\/stefanie-hatzl-1-150x150.jpg 150w, https:\/\/www.campus02.at\/wirtschaftsinformatik\/wp-content\/uploads\/2021\/12\/stefanie-hatzl-1-300x300.jpg 300w\" sizes=\"(max-width: 200px) 100vw, 200px\" \/><\/div>\n                                <div class=\"team-item-name\">Stefanie Hatzl<\/div>\n                                                            <\/div>\n                                                                                <div class=\"col-md-3 team-item text-center\" data-target=\"#teamAllInfo166903\">\n                                <div class=\"team-item-image\"><img loading=\"lazy\" decoding=\"async\" width=\"200\" height=\"200\" src=\"https:\/\/www.campus02.at\/wirtschaftsinformatik\/wp-content\/uploads\/2023\/06\/Design-ohne-Titel-1-200x200.png\" class=\"img-responsive wp-post-image\" alt=\"Piktogramm: Person\" srcset=\"https:\/\/www.campus02.at\/wirtschaftsinformatik\/wp-content\/uploads\/2023\/06\/Design-ohne-Titel-1-200x200.png 200w, https:\/\/www.campus02.at\/wirtschaftsinformatik\/wp-content\/uploads\/2023\/06\/Design-ohne-Titel-1-150x150.png 150w, https:\/\/www.campus02.at\/wirtschaftsinformatik\/wp-content\/uploads\/2023\/06\/Design-ohne-Titel-1-300x300.png 300w\" sizes=\"(max-width: 200px) 100vw, 200px\" \/><\/div>\n                                <div class=\"team-item-name\">Roland Csiszer<\/div>\n                                                            <\/div>\n                                                        <div class=\"team-info-container col-md-12\">\n                                                                    <div id=\"teamAllInfo489\" class=\"team-info\">\n                                        <div class=\"col-md-6\">\n                                            <div class=\"media\">\n                                                <div class=\"pull-left\">\n                                                    <i class=\"fa fa-2x fa-comment-o fa-bg-round\"><\/i>\n                                                <\/div>\n                                                <div class=\"media-body\">\n                                                    <h4 class=\"media-heading\">Mag. Angelika H\u00f6ber<\/h4>\n                                                    <p class=\"team-info-category\">\n                                                                                                                                                                        \n                                                                                                                    Lehre und Forschung<br \/>\n                                                                                                            <\/p>\n                                                    <p class=\"team-info-content\">\n                                                                                                            <\/p>\n                                                <\/div>\n                                            <\/div>\n                                        <\/div>\n                                        <div class=\"col-md-6\">\n                                                                                            <p><a href=\"tel:+43 316 6002-325\" class=\"link-tel\"><i class=\"fa fa-2x fa-mobile fa-bg-round fa-left\"><\/i>+43 316 6002-325<\/a><\/p>\n                                                                                                                                        <p><a href=\"mailto:angelika.hoeber@campus02.at\" class=\"link-mailto\"><i class=\"fa fa-2x fa-envelope-o fa-bg-round fa-left\"><\/i>angelika.hoeber@campus02.at<\/a><\/p>\n                                                                                                                                        <p><span><i class=\"fa fa-2x fa-location-arrow fa-bg-round fa-left\"><\/i>Raumnummer: CR 204<\/span><\/p>\n                                                                                    <\/div>\n                                    <\/div>\n                                                                        <div id=\"teamAllInfo505\" class=\"team-info\">\n                                        <div class=\"col-md-6\">\n                                            <div class=\"media\">\n                                                <div class=\"pull-left\">\n                                                    <i class=\"fa fa-2x fa-comment-o fa-bg-round\"><\/i>\n                                                <\/div>\n                                                <div class=\"media-body\">\n                                                    <h4 class=\"media-heading\">FH-Prof. Ing. Dipl.-Ing. Dr.techn.  Patrick Beer, BSc<\/h4>\n                                                    <p class=\"team-info-category\">\n                                                                                                                                                                        \n                                                                                                                    Lehre und Forschung<br \/>\n                                                                                                            <\/p>\n                                                    <p class=\"team-info-content\">\n                                                        Koordinator Fachbereich Wirtschaftsinformatik                                                    <\/p>\n                                                <\/div>\n                                            <\/div>\n                                        <\/div>\n                                        <div class=\"col-md-6\">\n                                                                                            <p><a href=\"tel:+43 316 6002-344\" class=\"link-tel\"><i class=\"fa fa-2x fa-mobile fa-bg-round fa-left\"><\/i>+43 316 6002-344<\/a><\/p>\n                                                                                                                                        <p><a href=\"mailto:patrick.beer@campus02.at\" class=\"link-mailto\"><i class=\"fa fa-2x fa-envelope-o fa-bg-round fa-left\"><\/i>patrick.beer@campus02.at<\/a><\/p>\n                                                                                                                                        <p><span><i class=\"fa fa-2x fa-location-arrow fa-bg-round fa-left\"><\/i>Raumnummer: CR 210<\/span><\/p>\n                                                                                    <\/div>\n                                    <\/div>\n                                                                        <div id=\"teamAllInfo95836\" class=\"team-info\">\n                                        <div class=\"col-md-6\">\n                                            <div class=\"media\">\n                                                <div class=\"pull-left\">\n                                                    <i class=\"fa fa-2x fa-comment-o fa-bg-round\"><\/i>\n                                                <\/div>\n                                                <div class=\"media-body\">\n                                                    <h4 class=\"media-heading\">Mag. Stefanie Hatzl, PhD<\/h4>\n                                                    <p class=\"team-info-category\">\n                                                                                                                                                                        \n                                                                                                                    Lehre und Forschung<br \/>\n                                                                                                            <\/p>\n                                                    <p class=\"team-info-content\">\n                                                        Projektleitung F&amp;E                                                    <\/p>\n                                                <\/div>\n                                            <\/div>\n                                        <\/div>\n                                        <div class=\"col-md-6\">\n                                                                                            <p><a href=\"tel:+43 316 6002-761\" class=\"link-tel\"><i class=\"fa fa-2x fa-mobile fa-bg-round fa-left\"><\/i>+43 316 6002-761<\/a><\/p>\n                                                                                                                                        <p><a href=\"mailto:stefanie.hatzl@campus02.at\" class=\"link-mailto\"><i class=\"fa fa-2x fa-envelope-o fa-bg-round fa-left\"><\/i>stefanie.hatzl@campus02.at<\/a><\/p>\n                                                                                                                                        <p><span><i class=\"fa fa-2x fa-location-arrow fa-bg-round fa-left\"><\/i>Raumnummer: CR 103<\/span><\/p>\n                                                                                    <\/div>\n                                    <\/div>\n                                                                        <div id=\"teamAllInfo166903\" class=\"team-info\">\n                                        <div class=\"col-md-6\">\n                                            <div class=\"media\">\n                                                <div class=\"pull-left\">\n                                                    <i class=\"fa fa-2x fa-comment-o fa-bg-round\"><\/i>\n                                                <\/div>\n                                                <div class=\"media-body\">\n                                                    <h4 class=\"media-heading\">Roland Csiszer, BSc<\/h4>\n                                                    <p class=\"team-info-category\">\n                                                                                                                                                                        \n                                                                                                                    Assistent*in Forschung &amp; Lehre<br \/>\n                                                                                                            <\/p>\n                                                    <p class=\"team-info-content\">\n                                                                                                            <\/p>\n                                                <\/div>\n                                            <\/div>\n                                        <\/div>\n                                        <div class=\"col-md-6\">\n                                                                                            <p><a href=\"tel:+43 316 6002-257\" class=\"link-tel\"><i class=\"fa fa-2x fa-mobile fa-bg-round fa-left\"><\/i>+43 316 6002-257<\/a><\/p>\n                                                                                                                                        <p><a href=\"mailto:roland.csiszer@campus02.at\" class=\"link-mailto\"><i class=\"fa fa-2x fa-envelope-o fa-bg-round fa-left\"><\/i>roland.csiszer@campus02.at<\/a><\/p>\n                                                                                                                                        <p><span><i class=\"fa fa-2x fa-location-arrow fa-bg-round fa-left\"><\/i>Raumnummer: CR 109<\/span><\/p>\n                                                                                    <\/div>\n                                    <\/div>\n                                                                <\/div>\n                                                                            <div class=\"col-md-3 team-item text-center\" data-target=\"#teamAllInfo103804\">\n                                <div class=\"team-item-image\"><img loading=\"lazy\" decoding=\"async\" width=\"200\" height=\"200\" src=\"https:\/\/www.campus02.at\/wirtschaftsinformatik\/wp-content\/uploads\/2021\/12\/bernd-jesenko-1-200x200.jpg\" class=\"img-responsive wp-post-image\" alt=\"Portr\u00e4tfoto von Bernd Jesenko\" srcset=\"https:\/\/www.campus02.at\/wirtschaftsinformatik\/wp-content\/uploads\/2021\/12\/bernd-jesenko-1-200x200.jpg 200w, https:\/\/www.campus02.at\/wirtschaftsinformatik\/wp-content\/uploads\/2021\/12\/bernd-jesenko-1-150x150.jpg 150w, https:\/\/www.campus02.at\/wirtschaftsinformatik\/wp-content\/uploads\/2021\/12\/bernd-jesenko-1-300x300.jpg 300w\" sizes=\"(max-width: 200px) 100vw, 200px\" \/><\/div>\n                                <div class=\"team-item-name\">Berndt Jesenko<\/div>\n                                                            <\/div>\n                                                                                <div class=\"col-md-3 team-item text-center\" data-target=\"#teamAllInfo481\">\n                                <div class=\"team-item-image\"><img loading=\"lazy\" decoding=\"async\" width=\"200\" height=\"200\" src=\"https:\/\/www.campus02.at\/wirtschaftsinformatik\/wp-content\/uploads\/2025\/03\/ow-4823-200x200.jpg\" class=\"img-responsive wp-post-image\" alt=\"Portr\u00e4tfoto von Liu Xiaoshan\" srcset=\"https:\/\/www.campus02.at\/wirtschaftsinformatik\/wp-content\/uploads\/2025\/03\/ow-4823-200x200.jpg 200w, https:\/\/www.campus02.at\/wirtschaftsinformatik\/wp-content\/uploads\/2025\/03\/ow-4823-150x150.jpg 150w, https:\/\/www.campus02.at\/wirtschaftsinformatik\/wp-content\/uploads\/2025\/03\/ow-4823-300x300.jpg 300w\" sizes=\"(max-width: 200px) 100vw, 200px\" \/><\/div>\n                                <div class=\"team-item-name\">Xiaoshan Liu<\/div>\n                                                            <\/div>\n                                                                                <div class=\"col-md-3 team-item text-center\" data-target=\"#teamAllInfo95468\">\n                                <div class=\"team-item-image\"><img loading=\"lazy\" decoding=\"async\" width=\"200\" height=\"200\" src=\"https:\/\/www.campus02.at\/wirtschaftsinformatik\/wp-content\/uploads\/2021\/12\/elisabeth-pergler-1-200x200.jpg\" class=\"img-responsive wp-post-image\" alt=\"Portr\u00e4tfoto von Elisabeth Pergler\" srcset=\"https:\/\/www.campus02.at\/wirtschaftsinformatik\/wp-content\/uploads\/2021\/12\/elisabeth-pergler-1-200x200.jpg 200w, https:\/\/www.campus02.at\/wirtschaftsinformatik\/wp-content\/uploads\/2021\/12\/elisabeth-pergler-1-150x150.jpg 150w, https:\/\/www.campus02.at\/wirtschaftsinformatik\/wp-content\/uploads\/2021\/12\/elisabeth-pergler-1-300x300.jpg 300w\" sizes=\"(max-width: 200px) 100vw, 200px\" \/><\/div>\n                                <div class=\"team-item-name\">Elisabeth Prettenthaler<\/div>\n                                                            <\/div>\n                                                                                <div class=\"col-md-3 team-item text-center\" data-target=\"#teamAllInfo113812\">\n                                <div class=\"team-item-image\"><img loading=\"lazy\" decoding=\"async\" width=\"200\" height=\"200\" src=\"https:\/\/www.campus02.at\/wirtschaftsinformatik\/wp-content\/uploads\/2021\/12\/daniel-resanovic-1-200x200.jpg\" class=\"img-responsive wp-post-image\" alt=\"Portr\u00e4tfoto von Daniel Resanovic\" srcset=\"https:\/\/www.campus02.at\/wirtschaftsinformatik\/wp-content\/uploads\/2021\/12\/daniel-resanovic-1-200x200.jpg 200w, https:\/\/www.campus02.at\/wirtschaftsinformatik\/wp-content\/uploads\/2021\/12\/daniel-resanovic-1-150x150.jpg 150w, https:\/\/www.campus02.at\/wirtschaftsinformatik\/wp-content\/uploads\/2021\/12\/daniel-resanovic-1-300x300.jpg 300w\" sizes=\"(max-width: 200px) 100vw, 200px\" \/><\/div>\n                                <div class=\"team-item-name\">Daniel Resanovic<\/div>\n                                                            <\/div>\n                                                        <div class=\"team-info-container col-md-12\">\n                                                                    <div id=\"teamAllInfo103804\" class=\"team-info\">\n                                        <div class=\"col-md-6\">\n                                            <div class=\"media\">\n                                                <div class=\"pull-left\">\n                                                    <i class=\"fa fa-2x fa-comment-o fa-bg-round\"><\/i>\n                                                <\/div>\n                                                <div class=\"media-body\">\n                                                    <h4 class=\"media-heading\">Dr. Berndt Jesenko, MSc<\/h4>\n                                                    <p class=\"team-info-category\">\n                                                                                                                                                                        \n                                                                                                                    Lehre und Forschung<br \/>\n                                                                                                            <\/p>\n                                                    <p class=\"team-info-content\">\n                                                                                                            <\/p>\n                                                <\/div>\n                                            <\/div>\n                                        <\/div>\n                                        <div class=\"col-md-6\">\n                                                                                            <p><a href=\"tel:+43 316 6002-395\" class=\"link-tel\"><i class=\"fa fa-2x fa-mobile fa-bg-round fa-left\"><\/i>+43 316 6002-395<\/a><\/p>\n                                                                                                                                        <p><a href=\"mailto:berndt.jesenko@campus02.at\" class=\"link-mailto\"><i class=\"fa fa-2x fa-envelope-o fa-bg-round fa-left\"><\/i>berndt.jesenko@campus02.at<\/a><\/p>\n                                                                                                                                        <p><span><i class=\"fa fa-2x fa-location-arrow fa-bg-round fa-left\"><\/i>Raumnummer: CR 204<\/span><\/p>\n                                                                                    <\/div>\n                                    <\/div>\n                                                                        <div id=\"teamAllInfo481\" class=\"team-info\">\n                                        <div class=\"col-md-6\">\n                                            <div class=\"media\">\n                                                <div class=\"pull-left\">\n                                                    <i class=\"fa fa-2x fa-comment-o fa-bg-round\"><\/i>\n                                                <\/div>\n                                                <div class=\"media-body\">\n                                                    <h4 class=\"media-heading\">Dr. Xiaoshan Liu<\/h4>\n                                                    <p class=\"team-info-category\">\n                                                                                                                                                                        \n                                                                                                                    Lehre und Forschung<br \/>\n                                                                                                            <\/p>\n                                                    <p class=\"team-info-content\">\n                                                                                                            <\/p>\n                                                <\/div>\n                                            <\/div>\n                                        <\/div>\n                                        <div class=\"col-md-6\">\n                                                                                            <p><a href=\"tel:+43 316 6002-760\" class=\"link-tel\"><i class=\"fa fa-2x fa-mobile fa-bg-round fa-left\"><\/i>+43 316 6002-760<\/a><\/p>\n                                                                                                                                        <p><a href=\"mailto:xiaoshan.liu@campus02.at\" class=\"link-mailto\"><i class=\"fa fa-2x fa-envelope-o fa-bg-round fa-left\"><\/i>xiaoshan.liu@campus02.at<\/a><\/p>\n                                                                                                                                        <p><span><i class=\"fa fa-2x fa-location-arrow fa-bg-round fa-left\"><\/i>Raumnummer: CR 109<\/span><\/p>\n                                                                                    <\/div>\n                                    <\/div>\n                                                                        <div id=\"teamAllInfo95468\" class=\"team-info\">\n                                        <div class=\"col-md-6\">\n                                            <div class=\"media\">\n                                                <div class=\"pull-left\">\n                                                    <i class=\"fa fa-2x fa-comment-o fa-bg-round\"><\/i>\n                                                <\/div>\n                                                <div class=\"media-body\">\n                                                    <h4 class=\"media-heading\">Dr. Elisabeth Prettenthaler<\/h4>\n                                                    <p class=\"team-info-category\">\n                                                                                                                                                                        \n                                                                                                                    Lehre und Forschung<br \/>\n                                                                                                            <\/p>\n                                                    <p class=\"team-info-content\">\n                                                        Koordinatorin Fachbereich Betriebswirtschaft und Management\r\nKoordinatorin Fachbereich Fremdsprachen und Pers\u00f6nlichkeit\r\nKoordinatorin F&amp;E                                                    <\/p>\n                                                <\/div>\n                                            <\/div>\n                                        <\/div>\n                                        <div class=\"col-md-6\">\n                                                                                            <p><a href=\"tel:+43 316 6002-347\" class=\"link-tel\"><i class=\"fa fa-2x fa-mobile fa-bg-round fa-left\"><\/i>+43 316 6002-347<\/a><\/p>\n                                                                                                                                        <p><a href=\"mailto:elisabeth.prettenthaler@campus02.at\" class=\"link-mailto\"><i class=\"fa fa-2x fa-envelope-o fa-bg-round fa-left\"><\/i>elisabeth.prettenthaler@campus02.at<\/a><\/p>\n                                                                                                                                        <p><span><i class=\"fa fa-2x fa-location-arrow fa-bg-round fa-left\"><\/i>Raumnummer: CR 104<\/span><\/p>\n                                                                                    <\/div>\n                                    <\/div>\n                                                                        <div id=\"teamAllInfo113812\" class=\"team-info\">\n                                        <div class=\"col-md-6\">\n                                            <div class=\"media\">\n                                                <div class=\"pull-left\">\n                                                    <i class=\"fa fa-2x fa-comment-o fa-bg-round\"><\/i>\n                                                <\/div>\n                                                <div class=\"media-body\">\n                                                    <h4 class=\"media-heading\">DI Daniel Resanovic, Bakk. rer. soc. oec.<\/h4>\n                                                    <p class=\"team-info-category\">\n                                                                                                                                                                        \n                                                                                                                    Lehre und Forschung<br \/>\n                                                                                                            <\/p>\n                                                    <p class=\"team-info-content\">\n                                                                                                            <\/p>\n                                                <\/div>\n                                            <\/div>\n                                        <\/div>\n                                        <div class=\"col-md-6\">\n                                                                                            <p><a href=\"tel:+43 316 6002-328\" class=\"link-tel\"><i class=\"fa fa-2x fa-mobile fa-bg-round fa-left\"><\/i>+43 316 6002-328<\/a><\/p>\n                                                                                                                                        <p><a href=\"mailto:daniel.resanovic@campus02.at\" class=\"link-mailto\"><i class=\"fa fa-2x fa-envelope-o fa-bg-round fa-left\"><\/i>daniel.resanovic@campus02.at<\/a><\/p>\n                                                                                                                                        <p><span><i class=\"fa fa-2x fa-location-arrow fa-bg-round fa-left\"><\/i>Raumnummer: CR 102<\/span><\/p>\n                                                                                    <\/div>\n                                    <\/div>\n                                                                <\/div>\n                                                                            <div class=\"col-md-3 team-item text-center\" data-target=\"#teamAllInfo8761\">\n                                <div class=\"team-item-image\"><img loading=\"lazy\" decoding=\"async\" width=\"200\" height=\"200\" src=\"https:\/\/www.campus02.at\/wirtschaftsinformatik\/wp-content\/uploads\/2021\/12\/eva-schirgi-1-200x200.jpg\" class=\"img-responsive wp-post-image\" alt=\"Portr\u00e4tfoto von Eva Schirgi\" srcset=\"https:\/\/www.campus02.at\/wirtschaftsinformatik\/wp-content\/uploads\/2021\/12\/eva-schirgi-1-200x200.jpg 200w, https:\/\/www.campus02.at\/wirtschaftsinformatik\/wp-content\/uploads\/2021\/12\/eva-schirgi-1-150x150.jpg 150w, https:\/\/www.campus02.at\/wirtschaftsinformatik\/wp-content\/uploads\/2021\/12\/eva-schirgi-1-300x300.jpg 300w\" sizes=\"(max-width: 200px) 100vw, 200px\" \/><\/div>\n                                <div class=\"team-item-name\">Eva Schirgi<\/div>\n                                                            <\/div>\n                                                                                <div class=\"col-md-3 team-item text-center\" data-target=\"#teamAllInfo508\">\n                                <div class=\"team-item-image\"><img loading=\"lazy\" decoding=\"async\" width=\"200\" height=\"200\" src=\"https:\/\/www.campus02.at\/wirtschaftsinformatik\/wp-content\/uploads\/2021\/12\/softic-1-200x200.jpg\" class=\"img-responsive wp-post-image\" alt=\"Portr\u00e4tfoto von Selver Softic\" srcset=\"https:\/\/www.campus02.at\/wirtschaftsinformatik\/wp-content\/uploads\/2021\/12\/softic-1-200x200.jpg 200w, https:\/\/www.campus02.at\/wirtschaftsinformatik\/wp-content\/uploads\/2021\/12\/softic-1-150x150.jpg 150w, https:\/\/www.campus02.at\/wirtschaftsinformatik\/wp-content\/uploads\/2021\/12\/softic-1-300x300.jpg 300w\" sizes=\"(max-width: 200px) 100vw, 200px\" \/><\/div>\n                                <div class=\"team-item-name\">Selver Softic<\/div>\n                                                            <\/div>\n                                                        <div class=\"team-info-container col-md-12\">\n                                                                    <div id=\"teamAllInfo8761\" class=\"team-info\">\n                                        <div class=\"col-md-6\">\n                                            <div class=\"media\">\n                                                <div class=\"pull-left\">\n                                                    <i class=\"fa fa-2x fa-comment-o fa-bg-round\"><\/i>\n                                                <\/div>\n                                                <div class=\"media-body\">\n                                                    <h4 class=\"media-heading\">Mag. DI Eva Schirgi<\/h4>\n                                                    <p class=\"team-info-category\">\n                                                                                                                                                                        \n                                                                                                                    Lehre und Forschung<br \/>\n                                                                                                            <\/p>\n                                                    <p class=\"team-info-content\">\n                                                        Koordinatorin Fachbereich Data Science\r\nKoordinatorin Fachbereich Projekte und Wissenschaftliches Arbeiten                                                    <\/p>\n                                                <\/div>\n                                            <\/div>\n                                        <\/div>\n                                        <div class=\"col-md-6\">\n                                                                                            <p><a href=\"tel:+43 316 6002-339\" class=\"link-tel\"><i class=\"fa fa-2x fa-mobile fa-bg-round fa-left\"><\/i>+43 316 6002-339<\/a><\/p>\n                                                                                                                                        <p><a href=\"mailto:eva.schirgi@campus02.at\" class=\"link-mailto\"><i class=\"fa fa-2x fa-envelope-o fa-bg-round fa-left\"><\/i>eva.schirgi@campus02.at<\/a><\/p>\n                                                                                                                                        <p><span><i class=\"fa fa-2x fa-location-arrow fa-bg-round fa-left\"><\/i>Raumnummer: CR 104<\/span><\/p>\n                                                                                    <\/div>\n                                    <\/div>\n                                                                        <div id=\"teamAllInfo508\" class=\"team-info\">\n                                        <div class=\"col-md-6\">\n                                            <div class=\"media\">\n                                                <div class=\"pull-left\">\n                                                    <i class=\"fa fa-2x fa-comment-o fa-bg-round\"><\/i>\n                                                <\/div>\n                                                <div class=\"media-body\">\n                                                    <h4 class=\"media-heading\">DI Dr. Selver Softic<\/h4>\n                                                    <p class=\"team-info-category\">\n                                                                                                                                                                        \n                                                                                                                    Lehre und Forschung<br \/>\n                                                                                                            <\/p>\n                                                    <p class=\"team-info-content\">\n                                                        Koordinator Internationalisierung\r\nKoordinator Fachbereich Informationstechnologien                                                    <\/p>\n                                                <\/div>\n                                            <\/div>\n                                        <\/div>\n                                        <div class=\"col-md-6\">\n                                                                                            <p><a href=\"tel:+43 316 6002-343\" class=\"link-tel\"><i class=\"fa fa-2x fa-mobile fa-bg-round fa-left\"><\/i>+43 316 6002-343<\/a><\/p>\n                                                                                                                                        <p><a href=\"mailto:selver.softic@campus02.at\" class=\"link-mailto\"><i class=\"fa fa-2x fa-envelope-o fa-bg-round fa-left\"><\/i>selver.softic@campus02.at<\/a><\/p>\n                                                                                                                                        <p><span><i class=\"fa fa-2x fa-location-arrow fa-bg-round fa-left\"><\/i>Raumnummer: CR 102<\/span><\/p>\n                                                                                    <\/div>\n                                    <\/div>\n                                                                <\/div>\n                                                                    <\/div>\n                                    <h3>Lehre &amp; Forschung: Nebenberuflich<\/h3>\n                    <div class=\"row\">\n                                            <\/div>\n                                    <h3>Verwaltung<\/h3>\n                    <div class=\"row\">\n                                                    <div class=\"col-md-3 team-item text-center\" data-target=\"#teamAllInfo101301\">\n                                <div class=\"team-item-image\"><img loading=\"lazy\" decoding=\"async\" width=\"200\" height=\"200\" src=\"https:\/\/www.campus02.at\/wirtschaftsinformatik\/wp-content\/uploads\/2021\/12\/gregor-bergsteiger-1-200x200.jpg\" class=\"img-responsive wp-post-image\" alt=\"Portr\u00e4tfoto von Gregor Begsteiger\" srcset=\"https:\/\/www.campus02.at\/wirtschaftsinformatik\/wp-content\/uploads\/2021\/12\/gregor-bergsteiger-1-200x200.jpg 200w, https:\/\/www.campus02.at\/wirtschaftsinformatik\/wp-content\/uploads\/2021\/12\/gregor-bergsteiger-1-150x150.jpg 150w, https:\/\/www.campus02.at\/wirtschaftsinformatik\/wp-content\/uploads\/2021\/12\/gregor-bergsteiger-1-300x300.jpg 300w\" sizes=\"(max-width: 200px) 100vw, 200px\" \/><\/div>\n                                <div class=\"team-item-name\">Gregor Begsteiger<\/div>\n                                                            <\/div>\n                                                                                <div class=\"col-md-3 team-item text-center\" data-target=\"#teamAllInfo141292\">\n                                <div class=\"team-item-image\"><img loading=\"lazy\" decoding=\"async\" width=\"200\" height=\"200\" src=\"https:\/\/www.campus02.at\/wirtschaftsinformatik\/wp-content\/uploads\/2023\/09\/ow-1394-200x200.jpg\" class=\"img-responsive wp-post-image\" alt=\"Portr\u00e4t Jennifer Hirschenberger\" srcset=\"https:\/\/www.campus02.at\/wirtschaftsinformatik\/wp-content\/uploads\/2023\/09\/ow-1394-200x200.jpg 200w, https:\/\/www.campus02.at\/wirtschaftsinformatik\/wp-content\/uploads\/2023\/09\/ow-1394-150x150.jpg 150w, https:\/\/www.campus02.at\/wirtschaftsinformatik\/wp-content\/uploads\/2023\/09\/ow-1394-300x300.jpg 300w\" sizes=\"(max-width: 200px) 100vw, 200px\" \/><\/div>\n                                <div class=\"team-item-name\">Jennifer Hirschenberger<\/div>\n                                                            <\/div>\n                                                                                <div class=\"col-md-3 team-item text-center\" data-target=\"#teamAllInfo145084\">\n                                <div class=\"team-item-image\"><img loading=\"lazy\" decoding=\"async\" width=\"200\" height=\"200\" src=\"https:\/\/www.campus02.at\/wirtschaftsinformatik\/wp-content\/uploads\/2024\/02\/ow-veselka-200x200.jpg\" class=\"img-responsive wp-post-image\" alt=\"Portr\u00e4t von Birgit Veselka\" srcset=\"https:\/\/www.campus02.at\/wirtschaftsinformatik\/wp-content\/uploads\/2024\/02\/ow-veselka-200x200.jpg 200w, https:\/\/www.campus02.at\/wirtschaftsinformatik\/wp-content\/uploads\/2024\/02\/ow-veselka-150x150.jpg 150w, https:\/\/www.campus02.at\/wirtschaftsinformatik\/wp-content\/uploads\/2024\/02\/ow-veselka-300x300.jpg 300w\" sizes=\"(max-width: 200px) 100vw, 200px\" \/><\/div>\n                                <div class=\"team-item-name\">Birgit  Veselka<\/div>\n                                                            <\/div>\n                                                                                <div class=\"col-md-3 team-item text-center\" data-target=\"#teamAllInfo145545\">\n                                <div class=\"team-item-image\"><img loading=\"lazy\" decoding=\"async\" width=\"200\" height=\"200\" src=\"https:\/\/www.campus02.at\/wirtschaftsinformatik\/wp-content\/uploads\/2024\/03\/ow-kandutsch-200x200.jpg\" class=\"img-responsive wp-post-image\" alt=\"Portr\u00e4t von Julia Kandutsch\" srcset=\"https:\/\/www.campus02.at\/wirtschaftsinformatik\/wp-content\/uploads\/2024\/03\/ow-kandutsch-200x200.jpg 200w, https:\/\/www.campus02.at\/wirtschaftsinformatik\/wp-content\/uploads\/2024\/03\/ow-kandutsch-150x150.jpg 150w, https:\/\/www.campus02.at\/wirtschaftsinformatik\/wp-content\/uploads\/2024\/03\/ow-kandutsch-300x300.jpg 300w\" sizes=\"(max-width: 200px) 100vw, 200px\" \/><\/div>\n                                <div class=\"team-item-name\">Julia Kandutsch<\/div>\n                                                            <\/div>\n                                                        <div class=\"team-info-container col-md-12\">\n                                                                    <div id=\"teamAllInfo101301\" class=\"team-info\">\n                                        <div class=\"col-md-6\">\n                                            <div class=\"media\">\n                                                <div class=\"pull-left\">\n                                                    <i class=\"fa fa-2x fa-comment-o fa-bg-round\"><\/i>\n                                                <\/div>\n                                                <div class=\"media-body\">\n                                                    <h4 class=\"media-heading\">Gregor Begsteiger<\/h4>\n                                                    <p class=\"team-info-category\">\n                                                                                                                                                                        \n                                                                                                                    Office Manager*in<br \/>\n                                                                                                            <\/p>\n                                                    <p class=\"team-info-content\">\n                                                                                                            <\/p>\n                                                <\/div>\n                                            <\/div>\n                                        <\/div>\n                                        <div class=\"col-md-6\">\n                                                                                            <p><a href=\"tel:+43 316 6002-8162\" class=\"link-tel\"><i class=\"fa fa-2x fa-mobile fa-bg-round fa-left\"><\/i>+43 316 6002-8162<\/a><\/p>\n                                                                                                                                        <p><a href=\"mailto:gregor.begsteiger@campus02.at\" class=\"link-mailto\"><i class=\"fa fa-2x fa-envelope-o fa-bg-round fa-left\"><\/i>gregor.begsteiger@campus02.at<\/a><\/p>\n                                                                                                                                        <p><span><i class=\"fa fa-2x fa-location-arrow fa-bg-round fa-left\"><\/i>Raumnummer: CR 104<\/span><\/p>\n                                                                                    <\/div>\n                                    <\/div>\n                                                                        <div id=\"teamAllInfo141292\" class=\"team-info\">\n                                        <div class=\"col-md-6\">\n                                            <div class=\"media\">\n                                                <div class=\"pull-left\">\n                                                    <i class=\"fa fa-2x fa-comment-o fa-bg-round\"><\/i>\n                                                <\/div>\n                                                <div class=\"media-body\">\n                                                    <h4 class=\"media-heading\">Jennifer Hirschenberger<\/h4>\n                                                    <p class=\"team-info-category\">\n                                                                                                                                                                        \n                                                                                                                    Office Manager*in<br \/>\n                                                                                                            <\/p>\n                                                    <p class=\"team-info-content\">\n                                                                                                            <\/p>\n                                                <\/div>\n                                            <\/div>\n                                        <\/div>\n                                        <div class=\"col-md-6\">\n                                                                                            <p><a href=\"tel:+43 316 6002-358\" class=\"link-tel\"><i class=\"fa fa-2x fa-mobile fa-bg-round fa-left\"><\/i>+43 316 6002-358<\/a><\/p>\n                                                                                                                                        <p><a href=\"mailto:jennifer.hirschenberger@campus02.at\" class=\"link-mailto\"><i class=\"fa fa-2x fa-envelope-o fa-bg-round fa-left\"><\/i>jennifer.hirschenberger@campus02.at<\/a><\/p>\n                                                                                                                                        <p><span><i class=\"fa fa-2x fa-location-arrow fa-bg-round fa-left\"><\/i>Raumnummer: CR 203<\/span><\/p>\n                                                                                    <\/div>\n                                    <\/div>\n                                                                        <div id=\"teamAllInfo145084\" class=\"team-info\">\n                                        <div class=\"col-md-6\">\n                                            <div class=\"media\">\n                                                <div class=\"pull-left\">\n                                                    <i class=\"fa fa-2x fa-comment-o fa-bg-round\"><\/i>\n                                                <\/div>\n                                                <div class=\"media-body\">\n                                                    <h4 class=\"media-heading\">Birgit  Veselka<\/h4>\n                                                    <p class=\"team-info-category\">\n                                                                                                                                                                        \n                                                                                                                    Office Manager*in<br \/>\n                                                                                                            <\/p>\n                                                    <p class=\"team-info-content\">\n                                                                                                            <\/p>\n                                                <\/div>\n                                            <\/div>\n                                        <\/div>\n                                        <div class=\"col-md-6\">\n                                                                                            <p><a href=\"tel:+43 316 6002-763\" class=\"link-tel\"><i class=\"fa fa-2x fa-mobile fa-bg-round fa-left\"><\/i>+43 316 6002-763<\/a><\/p>\n                                                                                                                                        <p><a href=\"mailto:birgit.veselka@campus02.at\" class=\"link-mailto\"><i class=\"fa fa-2x fa-envelope-o fa-bg-round fa-left\"><\/i>birgit.veselka@campus02.at<\/a><\/p>\n                                                                                                                                        <p><span><i class=\"fa fa-2x fa-location-arrow fa-bg-round fa-left\"><\/i>Raumnummer: CR 203<\/span><\/p>\n                                                                                    <\/div>\n                                    <\/div>\n                                                                        <div id=\"teamAllInfo145545\" class=\"team-info\">\n                                        <div class=\"col-md-6\">\n                                            <div class=\"media\">\n                                                <div class=\"pull-left\">\n                                                    <i class=\"fa fa-2x fa-comment-o fa-bg-round\"><\/i>\n                                                <\/div>\n                                                <div class=\"media-body\">\n                                                    <h4 class=\"media-heading\">Julia Kandutsch<\/h4>\n                                                    <p class=\"team-info-category\">\n                                                                                                                                                                        \n                                                                                                                    Office Manager*in<br \/>\n                                                                                                            <\/p>\n                                                    <p class=\"team-info-content\">\n                                                                                                            <\/p>\n                                                <\/div>\n                                            <\/div>\n                                        <\/div>\n                                        <div class=\"col-md-6\">\n                                                                                            <p><a href=\"tel:+43 316 6002-762\" class=\"link-tel\"><i class=\"fa fa-2x fa-mobile fa-bg-round fa-left\"><\/i>+43 316 6002-762<\/a><\/p>\n                                                                                                                                        <p><a href=\"mailto:julia.kandutsch@campus02.at\" class=\"link-mailto\"><i class=\"fa fa-2x fa-envelope-o fa-bg-round fa-left\"><\/i>julia.kandutsch@campus02.at<\/a><\/p>\n                                                                                                                                        <p><span><i class=\"fa fa-2x fa-location-arrow fa-bg-round fa-left\"><\/i>Raumnummer: CR 203<\/span><\/p>\n                                                                                    <\/div>\n                                    <\/div>\n                                                                <\/div>\n                                                                            <div class=\"col-md-3 team-item text-center\" data-target=\"#teamAllInfo148339\">\n                                <div class=\"team-item-image\"><img loading=\"lazy\" decoding=\"async\" width=\"200\" height=\"200\" src=\"https:\/\/www.campus02.at\/wirtschaftsinformatik\/wp-content\/uploads\/2024\/06\/ow-5802-200x200.jpg\" class=\"img-responsive wp-post-image\" alt=\"Portr\u00e4t Nicole Kosel\" srcset=\"https:\/\/www.campus02.at\/wirtschaftsinformatik\/wp-content\/uploads\/2024\/06\/ow-5802-200x200.jpg 200w, https:\/\/www.campus02.at\/wirtschaftsinformatik\/wp-content\/uploads\/2024\/06\/ow-5802-150x150.jpg 150w, https:\/\/www.campus02.at\/wirtschaftsinformatik\/wp-content\/uploads\/2024\/06\/ow-5802-300x300.jpg 300w\" sizes=\"(max-width: 200px) 100vw, 200px\" \/><\/div>\n                                <div class=\"team-item-name\">Nicole Kosel <\/div>\n                                                            <\/div>\n                                                                                <div class=\"col-md-3 team-item text-center\" data-target=\"#teamAllInfo100761\">\n                                <div class=\"team-item-image\"><img loading=\"lazy\" decoding=\"async\" width=\"200\" height=\"200\" src=\"https:\/\/www.campus02.at\/wirtschaftsinformatik\/wp-content\/uploads\/2021\/12\/christina-berger-200x200.jpg\" class=\"img-responsive wp-post-image\" alt=\"Portr\u00e4tfoto von Christina Berger\" srcset=\"https:\/\/www.campus02.at\/wirtschaftsinformatik\/wp-content\/uploads\/2021\/12\/christina-berger-200x200.jpg 200w, https:\/\/www.campus02.at\/wirtschaftsinformatik\/wp-content\/uploads\/2021\/12\/christina-berger-150x150.jpg 150w, https:\/\/www.campus02.at\/wirtschaftsinformatik\/wp-content\/uploads\/2021\/12\/christina-berger-300x300.jpg 300w\" sizes=\"(max-width: 200px) 100vw, 200px\" \/><\/div>\n                                <div class=\"team-item-name\">Christina Berger<\/div>\n                                                            <\/div>\n                                                                                <div class=\"col-md-3 team-item text-center\" data-target=\"#teamAllInfo103807\">\n                                <div class=\"team-item-image\"><img loading=\"lazy\" decoding=\"async\" width=\"200\" height=\"200\" src=\"https:\/\/www.campus02.at\/wirtschaftsinformatik\/wp-content\/uploads\/2021\/12\/tamara-lehner-1-200x200.jpg\" class=\"img-responsive wp-post-image\" alt=\"Portr\u00e4tfoto von Tamara Lehner\" srcset=\"https:\/\/www.campus02.at\/wirtschaftsinformatik\/wp-content\/uploads\/2021\/12\/tamara-lehner-1-200x200.jpg 200w, https:\/\/www.campus02.at\/wirtschaftsinformatik\/wp-content\/uploads\/2021\/12\/tamara-lehner-1-150x150.jpg 150w, https:\/\/www.campus02.at\/wirtschaftsinformatik\/wp-content\/uploads\/2021\/12\/tamara-lehner-1-300x300.jpg 300w\" sizes=\"(max-width: 200px) 100vw, 200px\" \/><\/div>\n                                <div class=\"team-item-name\">Tamara Lehner<\/div>\n                                                            <\/div>\n                                                        <div class=\"team-info-container col-md-12\">\n                                                                    <div id=\"teamAllInfo148339\" class=\"team-info\">\n                                        <div class=\"col-md-6\">\n                                            <div class=\"media\">\n                                                <div class=\"pull-left\">\n                                                    <i class=\"fa fa-2x fa-comment-o fa-bg-round\"><\/i>\n                                                <\/div>\n                                                <div class=\"media-body\">\n                                                    <h4 class=\"media-heading\">Nicole Kosel <\/h4>\n                                                    <p class=\"team-info-category\">\n                                                                                                                                                                        \n                                                                                                                    Office Manager*in<br \/>\n                                                                                                            <\/p>\n                                                    <p class=\"team-info-content\">\n                                                                                                            <\/p>\n                                                <\/div>\n                                            <\/div>\n                                        <\/div>\n                                        <div class=\"col-md-6\">\n                                                                                            <p><a href=\"tel:+43 316 6002-346\" class=\"link-tel\"><i class=\"fa fa-2x fa-mobile fa-bg-round fa-left\"><\/i>+43 316 6002-346<\/a><\/p>\n                                                                                                                                        <p><a href=\"mailto:nicole.kosel@campus02.at\" class=\"link-mailto\"><i class=\"fa fa-2x fa-envelope-o fa-bg-round fa-left\"><\/i>nicole.kosel@campus02.at<\/a><\/p>\n                                                                                                                                        <p><span><i class=\"fa fa-2x fa-location-arrow fa-bg-round fa-left\"><\/i>Raumnummer: CR 202<\/span><\/p>\n                                                                                    <\/div>\n                                    <\/div>\n                                                                        <div id=\"teamAllInfo100761\" class=\"team-info\">\n                                        <div class=\"col-md-6\">\n                                            <div class=\"media\">\n                                                <div class=\"pull-left\">\n                                                    <i class=\"fa fa-2x fa-comment-o fa-bg-round\"><\/i>\n                                                <\/div>\n                                                <div class=\"media-body\">\n                                                    <h4 class=\"media-heading\">Christina Berger<\/h4>\n                                                    <p class=\"team-info-category\">\n                                                                                                                                                                        \n                                                                                                                    Office Manager*in<br \/>\n                                                                                                            <\/p>\n                                                    <p class=\"team-info-content\">\n                                                        Koordinatorin Studienbetrieb\r\nKoordinatorin Internationalisierung                                                    <\/p>\n                                                <\/div>\n                                            <\/div>\n                                        <\/div>\n                                        <div class=\"col-md-6\">\n                                                                                            <p><a href=\"tel:+43 316 6002-8172\" class=\"link-tel\"><i class=\"fa fa-2x fa-mobile fa-bg-round fa-left\"><\/i>+43 316 6002-8172<\/a><\/p>\n                                                                                                                                        <p><a href=\"mailto:christina.berger@campus02.at\" class=\"link-mailto\"><i class=\"fa fa-2x fa-envelope-o fa-bg-round fa-left\"><\/i>christina.berger@campus02.at<\/a><\/p>\n                                                                                                                                        <p><span><i class=\"fa fa-2x fa-location-arrow fa-bg-round fa-left\"><\/i>Raumnummer: CR 203<\/span><\/p>\n                                                                                    <\/div>\n                                    <\/div>\n                                                                        <div id=\"teamAllInfo103807\" class=\"team-info\">\n                                        <div class=\"col-md-6\">\n                                            <div class=\"media\">\n                                                <div class=\"pull-left\">\n                                                    <i class=\"fa fa-2x fa-comment-o fa-bg-round\"><\/i>\n                                                <\/div>\n                                                <div class=\"media-body\">\n                                                    <h4 class=\"media-heading\">Tamara Lehner<\/h4>\n                                                    <p class=\"team-info-category\">\n                                                                                                                                                                        \n                                                                                                                    Office Manager*in<br \/>\n                                                                                                            <\/p>\n                                                    <p class=\"team-info-content\">\n                                                        Koordination Studiengang Business Software Development                                                    <\/p>\n                                                <\/div>\n                                            <\/div>\n                                        <\/div>\n                                        <div class=\"col-md-6\">\n                                                                                            <p><a href=\"tel:+43 316 6002-345\" class=\"link-tel\"><i class=\"fa fa-2x fa-mobile fa-bg-round fa-left\"><\/i>+43 316 6002-345<\/a><\/p>\n                                                                                                                                        <p><a href=\"mailto:tamara.lehner@campus02.at\" class=\"link-mailto\"><i class=\"fa fa-2x fa-envelope-o fa-bg-round fa-left\"><\/i>tamara.lehner@campus02.at<\/a><\/p>\n                                                                                                                                        <p><span><i class=\"fa fa-2x fa-location-arrow fa-bg-round fa-left\"><\/i>Raumnummer: CR 203<\/span><\/p>\n                                                                                    <\/div>\n                                    <\/div>\n                                                                <\/div>\n                                                                    <\/div>\n                                    <h3>Studien- und Projektassistenz<\/h3>\n                    <div class=\"row\">\n                                                    <div class=\"col-md-3 team-item text-center\" data-target=\"#teamAllInfo157108\">\n                                <div class=\"team-item-image\"><img loading=\"lazy\" decoding=\"async\" width=\"200\" height=\"200\" src=\"https:\/\/www.campus02.at\/wirtschaftsinformatik\/wp-content\/uploads\/2025\/07\/ow-9742-200x200.jpg\" class=\"img-responsive wp-post-image\" alt=\"Portr\u00e4tfoto von Daniela Haumer\" srcset=\"https:\/\/www.campus02.at\/wirtschaftsinformatik\/wp-content\/uploads\/2025\/07\/ow-9742-200x200.jpg 200w, https:\/\/www.campus02.at\/wirtschaftsinformatik\/wp-content\/uploads\/2025\/07\/ow-9742-150x150.jpg 150w, https:\/\/www.campus02.at\/wirtschaftsinformatik\/wp-content\/uploads\/2025\/07\/ow-9742-300x300.jpg 300w\" sizes=\"(max-width: 200px) 100vw, 200px\" \/><\/div>\n                                <div class=\"team-item-name\">Daniela Haumer<\/div>\n                                                            <\/div>\n                                                                                <div class=\"col-md-3 team-item text-center\" data-target=\"#teamAllInfo164336\">\n                                <div class=\"team-item-image\"><img loading=\"lazy\" decoding=\"async\" width=\"200\" height=\"200\" src=\"https:\/\/www.campus02.at\/wirtschaftsinformatik\/wp-content\/uploads\/2026\/04\/ow-5957-200x200.jpg\" class=\"img-responsive wp-post-image\" alt=\"Portr\u00e4tfoto von Nataliia Voronina\" srcset=\"https:\/\/www.campus02.at\/wirtschaftsinformatik\/wp-content\/uploads\/2026\/04\/ow-5957-200x200.jpg 200w, https:\/\/www.campus02.at\/wirtschaftsinformatik\/wp-content\/uploads\/2026\/04\/ow-5957-150x150.jpg 150w, https:\/\/www.campus02.at\/wirtschaftsinformatik\/wp-content\/uploads\/2026\/04\/ow-5957-300x300.jpg 300w\" sizes=\"(max-width: 200px) 100vw, 200px\" \/><\/div>\n                                <div class=\"team-item-name\">Nataliia Voronina<\/div>\n                                                            <\/div>\n                                                        <div class=\"team-info-container col-md-12\">\n                                                                    <div id=\"teamAllInfo157108\" class=\"team-info\">\n                                        <div class=\"col-md-6\">\n                                            <div class=\"media\">\n                                                <div class=\"pull-left\">\n                                                    <i class=\"fa fa-2x fa-comment-o fa-bg-round\"><\/i>\n                                                <\/div>\n                                                <div class=\"media-body\">\n                                                    <h4 class=\"media-heading\">Daniela Haumer<\/h4>\n                                                    <p class=\"team-info-category\">\n                                                                                                                                                                        \n                                                                                                                    Studien- und Projektassistent*in<br \/>\n                                                                                                            <\/p>\n                                                    <p class=\"team-info-content\">\n                                                                                                            <\/p>\n                                                <\/div>\n                                            <\/div>\n                                        <\/div>\n                                        <div class=\"col-md-6\">\n                                                                                            <p><a href=\"tel:+43 316 6002-330\" class=\"link-tel\"><i class=\"fa fa-2x fa-mobile fa-bg-round fa-left\"><\/i>+43 316 6002-330<\/a><\/p>\n                                                                                                                                        <p><a href=\"mailto:daniela.haumer@campus02.at\" class=\"link-mailto\"><i class=\"fa fa-2x fa-envelope-o fa-bg-round fa-left\"><\/i>daniela.haumer@campus02.at<\/a><\/p>\n                                                                                                                                        <p><span><i class=\"fa fa-2x fa-location-arrow fa-bg-round fa-left\"><\/i>Raumnummer: CR 103<\/span><\/p>\n                                                                                    <\/div>\n                                    <\/div>\n                                                                        <div id=\"teamAllInfo164336\" class=\"team-info\">\n                                        <div class=\"col-md-6\">\n                                            <div class=\"media\">\n                                                <div class=\"pull-left\">\n                                                    <i class=\"fa fa-2x fa-comment-o fa-bg-round\"><\/i>\n                                                <\/div>\n                                                <div class=\"media-body\">\n                                                    <h4 class=\"media-heading\">Nataliia Voronina<\/h4>\n                                                    <p class=\"team-info-category\">\n                                                                                                                                                                        \n                                                                                                                    Studien- und Projektassistent*in<br \/>\n                                                                                                            <\/p>\n                                                    <p class=\"team-info-content\">\n                                                                                                            <\/p>\n                                                <\/div>\n                                            <\/div>\n                                        <\/div>\n                                        <div class=\"col-md-6\">\n                                                                                            <p><a href=\"tel:+43 316 6002-341\" class=\"link-tel\"><i class=\"fa fa-2x fa-mobile fa-bg-round fa-left\"><\/i>+43 316 6002-341<\/a><\/p>\n                                                                                                                                        <p><a href=\"mailto:nataliia.voronina@campus02.at\" class=\"link-mailto\"><i class=\"fa fa-2x fa-envelope-o fa-bg-round fa-left\"><\/i>nataliia.voronina@campus02.at<\/a><\/p>\n                                                                                                                                        <p><span><i class=\"fa fa-2x fa-location-arrow fa-bg-round fa-left\"><\/i>Raumnummer: CR 103<\/span><\/p>\n                                                                                    <\/div>\n                                    <\/div>\n                                                                <\/div>\n                                                                    <\/div>\n                            <\/div>\n                <div class=\"text-center\">\n                            <a href=\"#\" class=\"btn btn-campus btn-info team-showAll\">Alle Anzeigen <i class=\"fa fa-angle-down\"><\/i><\/a>\n                <a href=\"#\" class=\"btn btn-campus btn-info team-showLess hide\">Ausblenden <i class=\"fa fa-angle-up\"><\/i><\/a>\n                        <a href=\"\" class=\"btn btn-campus btn-info team-goto-link\"> <i class=\"fa fa-angle-right\"><\/i><\/a>\n        <\/div>\n    <\/div>\n<\/div><\/div>","protected":false},"excerpt":{"rendered":"<p>[IWIXmas] Wir bilden die Wirtschaft von morgenBei uns vernetzen sich Lehre und Wirtschaft, Theorie und Praxis, Ausbildung und <a href=\"https:\/\/www.campus02.at\/wirtschaftsinformatik\/startseite-xmas\/\" class=\"more-link\">mehr&hellip;<\/a><\/p>\n","protected":false},"author":171,"featured_media":0,"parent":0,"menu_order":0,"comment_status":"closed","ping_status":"closed","template":"custom-frontpage-course.php","meta":{"_acf_changed":false,"footnotes":""},"coauthors":[49,44],"class_list":["post-5954","page","type-page","status-publish","hentry"],"acf":[],"yoast_head":"<!-- This site is optimized with the Yoast SEO plugin v26.9 - https:\/\/yoast.com\/product\/yoast-seo-wordpress\/ -->\n<title>FH CAMPUS 02 - Informationstechnologien &amp; Wirtschaftsinformatik<\/title>\n<meta name=\"robots\" content=\"index, follow, max-snippet:-1, max-image-preview:large, max-video-preview:-1\" \/>\n<link rel=\"canonical\" href=\"https:\/\/www.campus02.at\/wirtschaftsinformatik\/startseite-xmas\/\" \/>\n<meta property=\"og:locale\" content=\"de_DE\" \/>\n<meta property=\"og:type\" content=\"article\" \/>\n<meta property=\"og:title\" content=\"FH CAMPUS 02 - Informationstechnologien &amp; Wirtschaftsinformatik\" \/>\n<meta property=\"og:description\" content=\"[IWIXmas] Wir bilden die Wirtschaft von morgenBei uns vernetzen sich Lehre und Wirtschaft, Theorie und Praxis, Ausbildung und mehr&hellip;\" \/>\n<meta property=\"og:url\" content=\"https:\/\/www.campus02.at\/wirtschaftsinformatik\/startseite-xmas\/\" \/>\n<meta property=\"og:site_name\" content=\"FH CAMPUS 02 - Informationstechnologien &amp; Wirtschaftsinformatik\" \/>\n<meta property=\"article:modified_time\" content=\"2022-06-15T10:43:13+00:00\" \/>\n<meta name=\"twitter:card\" content=\"summary_large_image\" \/>\n<meta name=\"twitter:label1\" content=\"Written by\" \/>\n\t<meta name=\"twitter:data1\" content=\"Lehner Tamara\" \/>\n<script type=\"application\/ld+json\" class=\"yoast-schema-graph\">{\"@context\":\"https:\/\/schema.org\",\"@graph\":[{\"@type\":\"WebPage\",\"@id\":\"https:\/\/www.campus02.at\/wirtschaftsinformatik\/startseite-xmas\/\",\"url\":\"https:\/\/www.campus02.at\/wirtschaftsinformatik\/startseite-xmas\/\",\"name\":\"FH CAMPUS 02 - Informationstechnologien & Wirtschaftsinformatik\",\"isPartOf\":{\"@id\":\"https:\/\/www.campus02.at\/wirtschaftsinformatik\/#website\"},\"datePublished\":\"2021-12-23T19:28:08+00:00\",\"dateModified\":\"2022-06-15T10:43:13+00:00\",\"breadcrumb\":{\"@id\":\"https:\/\/www.campus02.at\/wirtschaftsinformatik\/startseite-xmas\/#breadcrumb\"},\"inLanguage\":\"de\",\"potentialAction\":[{\"@type\":\"ReadAction\",\"target\":[\"https:\/\/www.campus02.at\/wirtschaftsinformatik\/startseite-xmas\/\"]}]},{\"@type\":\"BreadcrumbList\",\"@id\":\"https:\/\/www.campus02.at\/wirtschaftsinformatik\/startseite-xmas\/#breadcrumb\",\"itemListElement\":[{\"@type\":\"ListItem\",\"position\":1,\"name\":\"Startseite\",\"item\":\"https:\/\/www.campus02.at\/wirtschaftsinformatik\/\"},{\"@type\":\"ListItem\",\"position\":2,\"name\":\"Startseite Xmas\"}]},{\"@type\":\"WebSite\",\"@id\":\"https:\/\/www.campus02.at\/wirtschaftsinformatik\/#website\",\"url\":\"https:\/\/www.campus02.at\/wirtschaftsinformatik\/\",\"name\":\"FH CAMPUS 02 - Informationstechnologien &amp; Wirtschaftsinformatik\",\"description\":\"\",\"potentialAction\":[{\"@type\":\"SearchAction\",\"target\":{\"@type\":\"EntryPoint\",\"urlTemplate\":\"https:\/\/www.campus02.at\/wirtschaftsinformatik\/?s={search_term_string}\"},\"query-input\":{\"@type\":\"PropertyValueSpecification\",\"valueRequired\":true,\"valueName\":\"search_term_string\"}}],\"inLanguage\":\"de\"}]}<\/script>\n<!-- \/ Yoast SEO plugin. -->","yoast_head_json":{"title":"FH CAMPUS 02 - Informationstechnologien & Wirtschaftsinformatik","robots":{"index":"index","follow":"follow","max-snippet":"max-snippet:-1","max-image-preview":"max-image-preview:large","max-video-preview":"max-video-preview:-1"},"canonical":"https:\/\/www.campus02.at\/wirtschaftsinformatik\/startseite-xmas\/","og_locale":"de_DE","og_type":"article","og_title":"FH CAMPUS 02 - Informationstechnologien & Wirtschaftsinformatik","og_description":"[IWIXmas] Wir bilden die Wirtschaft von morgenBei uns vernetzen sich Lehre und Wirtschaft, Theorie und Praxis, Ausbildung und mehr&hellip;","og_url":"https:\/\/www.campus02.at\/wirtschaftsinformatik\/startseite-xmas\/","og_site_name":"FH CAMPUS 02 - Informationstechnologien &amp; Wirtschaftsinformatik","article_modified_time":"2022-06-15T10:43:13+00:00","twitter_card":"summary_large_image","twitter_misc":{"Written by":"Lehner Tamara"},"schema":{"@context":"https:\/\/schema.org","@graph":[{"@type":"WebPage","@id":"https:\/\/www.campus02.at\/wirtschaftsinformatik\/startseite-xmas\/","url":"https:\/\/www.campus02.at\/wirtschaftsinformatik\/startseite-xmas\/","name":"FH CAMPUS 02 - Informationstechnologien & Wirtschaftsinformatik","isPartOf":{"@id":"https:\/\/www.campus02.at\/wirtschaftsinformatik\/#website"},"datePublished":"2021-12-23T19:28:08+00:00","dateModified":"2022-06-15T10:43:13+00:00","breadcrumb":{"@id":"https:\/\/www.campus02.at\/wirtschaftsinformatik\/startseite-xmas\/#breadcrumb"},"inLanguage":"de","potentialAction":[{"@type":"ReadAction","target":["https:\/\/www.campus02.at\/wirtschaftsinformatik\/startseite-xmas\/"]}]},{"@type":"BreadcrumbList","@id":"https:\/\/www.campus02.at\/wirtschaftsinformatik\/startseite-xmas\/#breadcrumb","itemListElement":[{"@type":"ListItem","position":1,"name":"Startseite","item":"https:\/\/www.campus02.at\/wirtschaftsinformatik\/"},{"@type":"ListItem","position":2,"name":"Startseite Xmas"}]},{"@type":"WebSite","@id":"https:\/\/www.campus02.at\/wirtschaftsinformatik\/#website","url":"https:\/\/www.campus02.at\/wirtschaftsinformatik\/","name":"FH CAMPUS 02 - Informationstechnologien &amp; Wirtschaftsinformatik","description":"","potentialAction":[{"@type":"SearchAction","target":{"@type":"EntryPoint","urlTemplate":"https:\/\/www.campus02.at\/wirtschaftsinformatik\/?s={search_term_string}"},"query-input":{"@type":"PropertyValueSpecification","valueRequired":true,"valueName":"search_term_string"}}],"inLanguage":"de"}]}},"_links":{"self":[{"href":"https:\/\/www.campus02.at\/wirtschaftsinformatik\/wp-json\/wp\/v2\/pages\/5954","targetHints":{"allow":["GET"]}}],"collection":[{"href":"https:\/\/www.campus02.at\/wirtschaftsinformatik\/wp-json\/wp\/v2\/pages"}],"about":[{"href":"https:\/\/www.campus02.at\/wirtschaftsinformatik\/wp-json\/wp\/v2\/types\/page"}],"author":[{"embeddable":true,"href":"https:\/\/www.campus02.at\/wirtschaftsinformatik\/wp-json\/wp\/v2\/users\/171"}],"replies":[{"embeddable":true,"href":"https:\/\/www.campus02.at\/wirtschaftsinformatik\/wp-json\/wp\/v2\/comments?post=5954"}],"version-history":[{"count":4,"href":"https:\/\/www.campus02.at\/wirtschaftsinformatik\/wp-json\/wp\/v2\/pages\/5954\/revisions"}],"predecessor-version":[{"id":5958,"href":"https:\/\/www.campus02.at\/wirtschaftsinformatik\/wp-json\/wp\/v2\/pages\/5954\/revisions\/5958"}],"wp:attachment":[{"href":"https:\/\/www.campus02.at\/wirtschaftsinformatik\/wp-json\/wp\/v2\/media?parent=5954"}],"wp:term":[{"taxonomy":"author","embeddable":true,"href":"https:\/\/www.campus02.at\/wirtschaftsinformatik\/wp-json\/wp\/v2\/coauthors?post=5954"}],"curies":[{"name":"wp","href":"https:\/\/api.w.org\/{rel}","templated":true}]}}